{"id":3668,"date":"2024-05-17T21:35:48","date_gmt":"2024-05-18T00:35:48","guid":{"rendered":"https:\/\/www.camaracg.pb.gov.br\/transparencia\/?page_id=3668"},"modified":"2025-01-24T21:45:33","modified_gmt":"2025-01-25T00:45:33","slug":"viap-2024","status":"publish","type":"page","link":"https:\/\/www.camaracg.pb.gov.br\/transparencia\/viap-2024\/","title":{"rendered":"VIAP 2024"},"content":{"rendered":"<pre>A Verba Indenizat\u00f3ria de Apoio Parlamentar (VIAP) est\u00e1 regulamentada nas Resolu\u00e7\u00f5es: <a href=\"https:\/\/sapl.campinagrande.pb.leg.br\/media\/sapl\/public\/normajuridica\/2024\/10512\/res_017_2024.pdf\">N\u00ba 017\/2024 <\/a>e <a href=\"https:\/\/sapl.campinagrande.pb.leg.br\/media\/sapl\/public\/normajuridica\/2024\/1000037\/res_110_2024.pdf\">N\u00ba 110\/2024<\/a>.<\/pre>\n<p style=\"text-align: center;\">\n<table id=\"tablepress-148\" class=\"tablepress tablepress-id-148\">\n<tbody class=\"row-hover\">\n<tr class=\"row-1\">\n\t<td class=\"column-1\">ALEXANDRE PEREIRA DA SILVA<\/td><td class=\"column-2\"><center>12\/2024<\/center><\/td><td class=\"column-3\"><a href=\"https:\/\/www.camaracg.pb.gov.br\/transparencia\/wp-content\/uploads\/2025\/01\/VIAP-ALEXANDRE-DO-SINDICATO-12-2024.xlsx\" target=\"_blank\" rel=\"noopener\">PLANILHA<\/a><\/td>\n<\/tr>\n<tr class=\"row-2\">\n\t<td class=\"column-1\">ALEXANDRE PEREIRA DA SILVA<\/td><td class=\"column-2\">11\/2024<\/td><td class=\"column-3\"><a href=\"https:\/\/www.camaracg.pb.gov.br\/transparencia\/wp-content\/uploads\/2025\/01\/VIAP-ALEXANDRE-DO-SINDICATO-11-2024.xlsx\" target=\"_blank\" rel=\"noopener\">PLANILHA<\/a><\/td>\n<\/tr>\n<tr class=\"row-3\">\n\t<td class=\"column-1\">ALEXANDRE PEREIRA DA SILVA<\/td><td class=\"column-2\"><center>10\/2024<\/center><\/td><td class=\"column-3\"><a href=\"https:\/\/www.camaracg.pb.gov.br\/transparencia\/wp-content\/uploads\/2024\/12\/VIAP-ALEXANDRE-DO-SINDICATO-10-2024.xlsx\" target=\"_blank\" rel=\"noopener\">PLANILHA<\/a><\/td>\n<\/tr>\n<tr class=\"row-4\">\n\t<td class=\"column-1\">ALEXANDRE PEREIRA DA SILVA<\/td><td class=\"column-2\">09\/2024<\/td><td class=\"column-3\"><a href=\"https:\/\/www.camaracg.pb.gov.br\/transparencia\/wp-content\/uploads\/2024\/12\/VIAP-ALEXANDRE-DO-SINDICATO-09-2024.xlsx\" target=\"_blank\" rel=\"noopener\">PLANILHA<\/a><\/td>\n<\/tr>\n<tr class=\"row-5\">\n\t<td class=\"column-1\">ALEXANDRE PEREIRA DA SILVA<\/td><td class=\"column-2\"><center>08\/2024<\/center><\/td><td class=\"column-3\"><a href=\"https:\/\/www.camaracg.pb.gov.br\/transparencia\/wp-content\/uploads\/2024\/10\/VIAP-ALEXANDRE-DO-SINDICATO-08-2024.xlsx\" target=\"_blank\" rel=\"noopener\">PLANILHA<\/a><\/td>\n<\/tr>\n<tr class=\"row-6\">\n\t<td class=\"column-1\">ALEXANDRE PEREIRA DA SILVA<\/td><td class=\"column-2\">07\/2024<\/td><td class=\"column-3\"><a href=\"https:\/\/www.camaracg.pb.gov.br\/transparencia\/wp-content\/uploads\/2024\/10\/VIAP-ALEXANDRE-DO-SINDICATO-07-2024.xlsx\" target=\"_blank\" rel=\"noopener\">PLANILHA<\/a><\/td>\n<\/tr>\n<tr class=\"row-7\">\n\t<td class=\"column-1\">ALEXANDRE PEREIRA DA SILVA<\/td><td class=\"column-2\"><center>06\/2024<\/center><\/td><td class=\"column-3\"><a href=\"https:\/\/www.camaracg.pb.gov.br\/transparencia\/wp-content\/uploads\/2024\/10\/VIAP-ALEXANDRE-DO-SINDICATO-06-2024.xlsx\" target=\"_blank\" rel=\"noopener\">PLANILHA<\/a><\/td>\n<\/tr>\n<tr class=\"row-8\">\n\t<td class=\"column-1\">ALEXANDRE PEREIRA DA SILVA<\/td><td class=\"column-2\">05\/2024<\/td><td class=\"column-3\"><a href=\"https:\/\/www.camaracg.pb.gov.br\/transparencia\/wp-content\/uploads\/2024\/06\/VIAP-ALEXANDRE-DO-SINDICATO-05-2024.xlsx\" target=\"_blank\" rel=\"noopener\">PLANILHA<\/a><\/td>\n<\/tr>\n<tr class=\"row-9\">\n\t<td class=\"column-1\">ALEXANDRE PEREIRA DA SILVA<\/td><td class=\"column-2\"><center>04\/2024<\/center><\/td><td class=\"column-3\"><a href=\"https:\/\/www.camaracg.pb.gov.br\/transparencia\/wp-content\/uploads\/2024\/05\/VIAP-ALEXANDRE-DO-SINDICATO-04-2024.xlsx\" target=\"_blank\" rel=\"noopener\">PLANILHA<\/a><\/td>\n<\/tr>\n<\/tbody>\n<\/table>\n<!-- #tablepress-148 from cache -->\n<p style=\"text-align: center;\">\n<table id=\"tablepress-149\" class=\"tablepress tablepress-id-149\">\n<tbody class=\"row-hover\">\n<tr class=\"row-1\">\n\t<td class=\"column-1\">ANDERSON MARINHO DE ALMEIDA<\/td><td class=\"column-2\"><center>12\/2024<\/center><\/td><td class=\"column-3\"><a href=\"https:\/\/www.camaracg.pb.gov.br\/transparencia\/wp-content\/uploads\/2025\/01\/VIAP-ANDERSON-PILA-12-2024.xlsx\" target=\"_blank\" rel=\"noopener\">PLANILHA<\/a><\/td>\n<\/tr>\n<tr class=\"row-2\">\n\t<td class=\"column-1\">ANDERSON MARINHO DE ALMEIDA<\/td><td class=\"column-2\">11\/2024<\/td><td class=\"column-3\"><a href=\"https:\/\/www.camaracg.pb.gov.br\/transparencia\/wp-content\/uploads\/2025\/01\/VIAP-ANDERSON-PILA-11-2024.xlsx\" target=\"_blank\" rel=\"noopener\">PLANILHA<\/a><\/td>\n<\/tr>\n<tr class=\"row-3\">\n\t<td class=\"column-1\">ANDERSON MARINHO DE ALMEIDA<\/td><td class=\"column-2\"><center>10\/2024<\/center><\/td><td class=\"column-3\"><a href=\"https:\/\/www.camaracg.pb.gov.br\/transparencia\/wp-content\/uploads\/2024\/12\/VIAP-ANDERSON-PILA-10-2024.xlsx\" target=\"_blank\" rel=\"noopener\">PLANILHA<\/a><\/td>\n<\/tr>\n<tr class=\"row-4\">\n\t<td class=\"column-1\">ANDERSON MARINHO DE ALMEIDA<\/td><td class=\"column-2\">09\/2024<\/td><td class=\"column-3\"><a href=\"https:\/\/www.camaracg.pb.gov.br\/transparencia\/wp-content\/uploads\/2024\/12\/VIAP-ANDERSON-PILA-09-2024.xlsx\" target=\"_blank\" rel=\"noopener\">PLANILHA<\/a><\/td>\n<\/tr>\n<tr class=\"row-5\">\n\t<td class=\"column-1\">ANDERSON MARINHO DE ALMEIDA<\/td><td class=\"column-2\"><center>08\/2024<\/center><\/td><td class=\"column-3\"><a href=\"https:\/\/www.camaracg.pb.gov.br\/transparencia\/wp-content\/uploads\/2024\/10\/VIAP-ANDERSON-PILA-08-2024.xlsx\" target=\"_blank\" rel=\"noopener\">PLANILHA<\/a><\/td>\n<\/tr>\n<tr class=\"row-6\">\n\t<td class=\"column-1\">ANDERSON MARINHO DE ALMEIDA<\/td><td class=\"column-2\">07\/2024<\/td><td class=\"column-3\"><a href=\"https:\/\/www.camaracg.pb.gov.br\/transparencia\/wp-content\/uploads\/2024\/10\/VIAP-ANDERSON-PILA-07-2024.xlsx\" target=\"_blank\" rel=\"noopener\">PLANILHA<\/a><\/td>\n<\/tr>\n<tr class=\"row-7\">\n\t<td class=\"column-1\">ANDERSON MARINHO DE ALMEIDA<\/td><td class=\"column-2\"><center>06\/2024<\/center><\/td><td class=\"column-3\"><a href=\"https:\/\/www.camaracg.pb.gov.br\/transparencia\/wp-content\/uploads\/2024\/10\/VIAP-ANDERSON-PILA-06-2024.xlsx\" target=\"_blank\" rel=\"noopener\">PLANILHA<\/a><\/td>\n<\/tr>\n<tr class=\"row-8\">\n\t<td class=\"column-1\">ANDERSON MARINHO DE ALMEIDA<\/td><td class=\"column-2\">05\/2024<\/td><td class=\"column-3\"><a href=\"https:\/\/www.camaracg.pb.gov.br\/transparencia\/wp-content\/uploads\/2024\/06\/VIAP-ANDERSON-PILA-05-2024.xlsx\" target=\"_blank\" rel=\"noopener\">PLANILHA<\/a><\/td>\n<\/tr>\n<tr class=\"row-9\">\n\t<td class=\"column-1\">ANDERSON MARINHO DE ALMEIDA<\/td><td class=\"column-2\"><center>04\/2024<\/center><\/td><td class=\"column-3\"><a href=\"https:\/\/www.camaracg.pb.gov.br\/transparencia\/wp-content\/uploads\/2024\/05\/VIAP-ANDERSON-PILA-04-2024.xlsx\" target=\"_blank\" rel=\"noopener\">PLANILHA<\/a><\/td>\n<\/tr>\n<\/tbody>\n<\/table>\n<!-- #tablepress-149 from cache -->\n<p style=\"text-align: center;\">\n<table id=\"tablepress-150\" class=\"tablepress tablepress-id-150\">\n<tbody class=\"row-hover\">\n<tr class=\"row-1\">\n\t<td class=\"column-1\">ANTONIO ALVES PIMENTEL FILHO<\/td><td class=\"column-2\"><center>12\/2024<\/center><\/td><td class=\"column-3\"><a href=\"https:\/\/www.camaracg.pb.gov.br\/transparencia\/wp-content\/uploads\/2025\/01\/VIAP-PIMENTEL-FILHO-12-2024.xlsx\" target=\"_blank\" rel=\"noopener\">PLANILHA<\/a><\/td>\n<\/tr>\n<tr class=\"row-2\">\n\t<td class=\"column-1\">ANTONIO ALVES PIMENTEL FILHO<\/td><td class=\"column-2\">11\/2024<\/td><td class=\"column-3\"><a href=\"https:\/\/www.camaracg.pb.gov.br\/transparencia\/wp-content\/uploads\/2025\/01\/VIAP-PIMENTEL-FILHO-11-2024.xlsx\" target=\"_blank\" rel=\"noopener\">PLANILHA<\/a><\/td>\n<\/tr>\n<tr class=\"row-3\">\n\t<td class=\"column-1\">ANTONIO ALVES PIMENTEL FILHO<\/td><td class=\"column-2\"><center>10\/2024<\/center><\/td><td class=\"column-3\"><a href=\"https:\/\/www.camaracg.pb.gov.br\/transparencia\/wp-content\/uploads\/2024\/12\/VIAP-PIMENTEL-FILHO-10-2024.xlsx\" target=\"_blank\" rel=\"noopener\">PLANILHA<\/a><\/td>\n<\/tr>\n<tr class=\"row-4\">\n\t<td class=\"column-1\">ANTONIO ALVES PIMENTEL FILHO<\/td><td class=\"column-2\">09\/2024<\/td><td class=\"column-3\"><a href=\"https:\/\/www.camaracg.pb.gov.br\/transparencia\/wp-content\/uploads\/2024\/12\/VIAP-PIMENTEL-FILHO-09-2024.xlsx\" target=\"_blank\" rel=\"noopener\">PLANILHA<\/a><\/td>\n<\/tr>\n<tr class=\"row-5\">\n\t<td class=\"column-1\">ANTONIO ALVES PIMENTEL FILHO<\/td><td class=\"column-2\"><center>08\/2024<\/center><\/td><td class=\"column-3\"><a href=\"https:\/\/www.camaracg.pb.gov.br\/transparencia\/wp-content\/uploads\/2024\/10\/VIAP-PIMENTEL-FILHO-08-2024.xlsx\" target=\"_blank\" rel=\"noopener\">PLANILHA<\/a><\/td>\n<\/tr>\n<tr class=\"row-6\">\n\t<td class=\"column-1\">ANTONIO ALVES PIMENTEL FILHO<\/td><td class=\"column-2\">07\/2024<\/td><td class=\"column-3\"><a href=\"https:\/\/www.camaracg.pb.gov.br\/transparencia\/wp-content\/uploads\/2024\/10\/VIAP-PIMENTEL-FILHO-07-2024.xlsx\" target=\"_blank\" rel=\"noopener\">PLANILHA<\/a><\/td>\n<\/tr>\n<tr class=\"row-7\">\n\t<td class=\"column-1\">ANTONIO ALVES PIMENTEL FILHO<\/td><td class=\"column-2\"><center>06\/2024<\/center><\/td><td class=\"column-3\"><a href=\"https:\/\/www.camaracg.pb.gov.br\/transparencia\/wp-content\/uploads\/2024\/10\/VIAP-PIMENTEL-FILHO-06-2024.xlsx\" target=\"_blank\" rel=\"noopener\">PLANILHA<\/a><\/td>\n<\/tr>\n<tr class=\"row-8\">\n\t<td class=\"column-1\">ANTONIO ALVES PIMENTEL FILHO<\/td><td class=\"column-2\">05\/2024<\/td><td class=\"column-3\"><a href=\"https:\/\/www.camaracg.pb.gov.br\/transparencia\/wp-content\/uploads\/2024\/06\/VIAP-PIMENTEL-FILHO-05-2024.xlsx\" target=\"_blank\" rel=\"noopener\">PLANILHA<\/a><\/td>\n<\/tr>\n<tr class=\"row-9\">\n\t<td class=\"column-1\">ANTONIO ALVES PIMENTEL FILHO<\/td><td class=\"column-2\"><center>04\/2024<\/center><\/td><td class=\"column-3\"><a href=\"https:\/\/www.camaracg.pb.gov.br\/transparencia\/wp-content\/uploads\/2024\/05\/VIAP-PIMENTEL-FILHO-04-2024.xlsx\" target=\"_blank\" rel=\"noopener\">PLANILHA<\/a><\/td>\n<\/tr>\n<\/tbody>\n<\/table>\n<!-- #tablepress-150 from cache -->\n<p style=\"text-align: center;\">\n<table id=\"tablepress-151\" class=\"tablepress tablepress-id-151\">\n<tbody class=\"row-hover\">\n<tr class=\"row-1\">\n\t<td class=\"column-1\">BRUNO LAERT FAUSTINO DE SOUSA<\/td><td class=\"column-2\"><center>12\/2024<\/center><\/td><td class=\"column-3\"><a href=\"https:\/\/www.camaracg.pb.gov.br\/transparencia\/wp-content\/uploads\/2025\/01\/VIAP-BRUNO-FAUSTINO-122024.xlsx\" target=\"_blank\" rel=\"noopener\">PLANILHA<\/a><\/td>\n<\/tr>\n<tr class=\"row-2\">\n\t<td class=\"column-1\">BRUNO LAERT FAUSTINO DE SOUSA<\/td><td class=\"column-2\">11\/2024<\/td><td class=\"column-3\"><a href=\"https:\/\/www.camaracg.pb.gov.br\/transparencia\/wp-content\/uploads\/2025\/01\/VIAP-BRUNO-FAUSTINO-112024.xlsx\" target=\"_blank\" rel=\"noopener\">PLANILHA<\/a><\/td>\n<\/tr>\n<tr class=\"row-3\">\n\t<td class=\"column-1\">BRUNO LAERT FAUSTINO DE SOUSA<\/td><td class=\"column-2\"><center>10\/2024<\/center><\/td><td class=\"column-3\"><a href=\"https:\/\/www.camaracg.pb.gov.br\/transparencia\/wp-content\/uploads\/2024\/12\/VIAP-BRUNO-FAUSTINO-10-2024.xlsx\" target=\"_blank\" rel=\"noopener\">PLANILHA<\/a><\/td>\n<\/tr>\n<tr class=\"row-4\">\n\t<td class=\"column-1\">BRUNO LAERT FAUSTINO DE SOUSA<\/td><td class=\"column-2\">09\/2024<\/td><td class=\"column-3\"><a href=\"https:\/\/www.camaracg.pb.gov.br\/transparencia\/wp-content\/uploads\/2024\/12\/VIAP-BRUNO-FAUSTINO-09-2024.xlsx\" target=\"_blank\" rel=\"noopener\">PLANILHA<\/a><\/td>\n<\/tr>\n<tr class=\"row-5\">\n\t<td class=\"column-1\">BRUNO LAERT FAUSTINO DE SOUSA<\/td><td class=\"column-2\"><center>08\/2024<\/center><\/td><td class=\"column-3\"><a href=\"https:\/\/www.camaracg.pb.gov.br\/transparencia\/wp-content\/uploads\/2024\/10\/VIAP-BRUNO-FAUSTINO-08-2024.xlsx\" target=\"_blank\" rel=\"noopener\">PLANILHA<\/a><\/td>\n<\/tr>\n<tr class=\"row-6\">\n\t<td class=\"column-1\">BRUNO LAERT FAUSTINO DE SOUSA<\/td><td class=\"column-2\">07\/2024<\/td><td class=\"column-3\"><a href=\"https:\/\/www.camaracg.pb.gov.br\/transparencia\/wp-content\/uploads\/2024\/10\/VIAP-BRUNO-FAUSTINO-07-2024.xlsx\" target=\"_blank\" rel=\"noopener\">PLANILHA<\/a><\/td>\n<\/tr>\n<tr class=\"row-7\">\n\t<td class=\"column-1\">BRUNO LAERT FAUSTINO DE SOUSA<\/td><td class=\"column-2\"><center>06\/2024<\/center><\/td><td class=\"column-3\"><a href=\"https:\/\/www.camaracg.pb.gov.br\/transparencia\/wp-content\/uploads\/2024\/10\/VIAP-BRUNO-FAUSTINO-06-2024.xlsx\" target=\"_blank\" rel=\"noopener\">PLANILHA<\/a><\/td>\n<\/tr>\n<tr class=\"row-8\">\n\t<td class=\"column-1\">BRUNO LAERT FAUSTINO DE SOUSA<\/td><td class=\"column-2\">05\/2024<\/td><td class=\"column-3\"><a href=\"https:\/\/www.camaracg.pb.gov.br\/transparencia\/wp-content\/uploads\/2024\/06\/VIAP-BRUNO-FAUSTINO-05-2024.xlsx\" target=\"_blank\" rel=\"noopener\">PLANILHA<\/a><\/td>\n<\/tr>\n<tr class=\"row-9\">\n\t<td class=\"column-1\">BRUNO LAERT FAUSTINO DE SOUSA<\/td><td class=\"column-2\"><center>04\/2024<\/center><\/td><td class=\"column-3\"><a href=\"https:\/\/www.camaracg.pb.gov.br\/transparencia\/wp-content\/uploads\/2024\/05\/VIAP-BRUNO-FAUSTINO-04-2024.xlsx\" target=\"_blank\" rel=\"noopener\">PLANILHA<\/a><\/td>\n<\/tr>\n<\/tbody>\n<\/table>\n<!-- #tablepress-151 from cache -->\n<p style=\"text-align: center;\">\n<table id=\"tablepress-152\" class=\"tablepress tablepress-id-152\">\n<tbody class=\"row-hover\">\n<tr class=\"row-1\">\n\t<td class=\"column-1\">CARLA CISLAYNE MOURA FERNANDES<\/td><td class=\"column-2\"><center>12\/2024<\/center><\/td><td class=\"column-3\"><a href=\"https:\/\/www.camaracg.pb.gov.br\/transparencia\/wp-content\/uploads\/2025\/01\/VIAP-DOUTORA-CARLA-122024.xlsx\" rel=\"noopener\">PLANILHA<\/a><\/td>\n<\/tr>\n<tr class=\"row-2\">\n\t<td class=\"column-1\">CARLA CISLAYNE MOURA FERNANDES<\/td><td class=\"column-2\">11\/2024<\/td><td class=\"column-3\"><a href=\"https:\/\/www.camaracg.pb.gov.br\/transparencia\/wp-content\/uploads\/2025\/01\/VIAP-DOUTORA-CARLA-112024.xlsx\" rel=\"noopener\">PLANILHA<\/a><\/td>\n<\/tr>\n<tr class=\"row-3\">\n\t<td class=\"column-1\">CARLA CISLAYNE MOURA FERNANDES<\/td><td class=\"column-2\"><center>10\/2024<\/center><\/td><td class=\"column-3\"><a href=\"https:\/\/www.camaracg.pb.gov.br\/transparencia\/wp-content\/uploads\/2024\/12\/VIAP-DOUTORA-CARLA-10-2024.xlsx\" rel=\"noopener\">PLANILHA<\/a><\/td>\n<\/tr>\n<tr class=\"row-4\">\n\t<td class=\"column-1\">CARLA CISLAYNE MOURA FERNANDES<\/td><td class=\"column-2\">09\/2024<\/td><td class=\"column-3\"><a href=\"https:\/\/www.camaracg.pb.gov.br\/transparencia\/wp-content\/uploads\/2024\/12\/VIAP-DOUTORA-CARLA-09-2024.xlsx\" rel=\"noopener\">PLANILHA<\/a><\/td>\n<\/tr>\n<tr class=\"row-5\">\n\t<td class=\"column-1\">CARLA CISLAYNE MOURA FERNANDES<\/td><td class=\"column-2\"><center>08\/2024<\/center><\/td><td class=\"column-3\"><a href=\"https:\/\/www.camaracg.pb.gov.br\/transparencia\/wp-content\/uploads\/2024\/10\/VIAP-DOUTORA-CARLA-08-2024.xlsx\" rel=\"noopener\">PLANILHA<\/a><\/td>\n<\/tr>\n<tr class=\"row-6\">\n\t<td class=\"column-1\">CARLA CISLAYNE MOURA FERNANDES<\/td><td class=\"column-2\">07\/2024<\/td><td class=\"column-3\"><a href=\"https:\/\/www.camaracg.pb.gov.br\/transparencia\/wp-content\/uploads\/2024\/10\/VIAP-DOUTORA-CARLA-07-2024.xlsx\" rel=\"noopener\">PLANILHA<\/a><\/td>\n<\/tr>\n<tr class=\"row-7\">\n\t<td class=\"column-1\">CARLA CISLAYNE MOURA FERNANDES<\/td><td class=\"column-2\"><center>06\/2024<\/center><\/td><td class=\"column-3\"><a href=\"https:\/\/www.camaracg.pb.gov.br\/transparencia\/wp-content\/uploads\/2024\/10\/VIAP-DOUTORA-CARLA-06-2024.xlsx\" rel=\"noopener\">PLANILHA<\/a><\/td>\n<\/tr>\n<tr class=\"row-8\">\n\t<td class=\"column-1\">CARLA CISLAYNE MOURA FERNANDES<\/td><td class=\"column-2\">05\/2024<\/td><td class=\"column-3\"><a href=\"https:\/\/www.camaracg.pb.gov.br\/transparencia\/wp-content\/uploads\/2024\/06\/VIAP-DOUTORA-CARLA-05-2024.xlsx\" target=\"_blank\" rel=\"noopener\">PLANILHA<\/a><\/td>\n<\/tr>\n<tr class=\"row-9\">\n\t<td class=\"column-1\">CARLA CISLAYNE MOURA FERNANDES<\/td><td class=\"column-2\"><center>04\/2024<\/center><\/td><td class=\"column-3\"><a href=\"https:\/\/www.camaracg.pb.gov.br\/transparencia\/wp-content\/uploads\/2024\/05\/VIAP-DOUTORA-CARLA-04-2024.xlsx\" target=\"_blank\" rel=\"noopener\">PLANILHA<\/a><\/td>\n<\/tr>\n<\/tbody>\n<\/table>\n<!-- #tablepress-152 from cache -->\n<p style=\"text-align: center;\">\n<table id=\"tablepress-153\" class=\"tablepress tablepress-id-153\">\n<tbody class=\"row-hover\">\n<tr class=\"row-1\">\n\t<td class=\"column-1\">EVA ELIANA RAMOS GOUVEIA<\/td><td class=\"column-2\"><center>12\/2024<\/center><\/td><td class=\"column-3\"><a href=\"https:\/\/www.camaracg.pb.gov.br\/transparencia\/wp-content\/uploads\/2025\/01\/VIAP-EVA-GOUVEIA-122024.xlsx\" target=\"_blank\" rel=\"noopener\">PLANILHA<\/a><\/td>\n<\/tr>\n<tr class=\"row-2\">\n\t<td class=\"column-1\">EVA ELIANA RAMOS GOUVEIA<\/td><td class=\"column-2\">11\/2024<\/td><td class=\"column-3\"><a href=\"https:\/\/www.camaracg.pb.gov.br\/transparencia\/wp-content\/uploads\/2025\/01\/VIAP-EVA-GOUVEIA-112024.xlsx\" target=\"_blank\" rel=\"noopener\">PLANILHA<\/a><\/td>\n<\/tr>\n<tr class=\"row-3\">\n\t<td class=\"column-1\">EVA ELIANA RAMOS GOUVEIA<\/td><td class=\"column-2\"><center>10\/2024<\/center><\/td><td class=\"column-3\"><a href=\"https:\/\/www.camaracg.pb.gov.br\/transparencia\/wp-content\/uploads\/2024\/12\/VIAP-EVA-GOUVEIA-10-2024.xlsx\" target=\"_blank\" rel=\"noopener\">PLANILHA<\/a><\/td>\n<\/tr>\n<tr class=\"row-4\">\n\t<td class=\"column-1\">EVA ELIANA RAMOS GOUVEIA<\/td><td class=\"column-2\">09\/2024<\/td><td class=\"column-3\"><a href=\"https:\/\/www.camaracg.pb.gov.br\/transparencia\/wp-content\/uploads\/2024\/12\/VIAP-EVA-GOUVEIA-09-2024.xlsx\" target=\"_blank\" rel=\"noopener\">PLANILHA<\/a><\/td>\n<\/tr>\n<tr class=\"row-5\">\n\t<td class=\"column-1\">EVA ELIANA RAMOS GOUVEIA<\/td><td class=\"column-2\"><center>08\/2024<\/center><\/td><td class=\"column-3\"><a href=\"https:\/\/www.camaracg.pb.gov.br\/transparencia\/wp-content\/uploads\/2024\/10\/VIAP-EVA-GOUVEIA-08-2024.xlsx\" target=\"_blank\" rel=\"noopener\">PLANILHA<\/a><\/td>\n<\/tr>\n<tr class=\"row-6\">\n\t<td class=\"column-1\">EVA ELIANA RAMOS GOUVEIA<\/td><td class=\"column-2\">07\/2024<\/td><td class=\"column-3\"><a href=\"https:\/\/www.camaracg.pb.gov.br\/transparencia\/wp-content\/uploads\/2024\/10\/VIAP-EVA-GOUVEIA-07-2024.xlsx\" target=\"_blank\" rel=\"noopener\">PLANILHA<\/a><\/td>\n<\/tr>\n<tr class=\"row-7\">\n\t<td class=\"column-1\">EVA ELIANA RAMOS GOUVEIA<\/td><td class=\"column-2\"><center>06\/2024<\/center><\/td><td class=\"column-3\"><a href=\"https:\/\/www.camaracg.pb.gov.br\/transparencia\/wp-content\/uploads\/2024\/10\/VIAP-EVA-GOUVEIA-06-2024.xlsx\" target=\"_blank\" rel=\"noopener\">PLANILHA<\/a><\/td>\n<\/tr>\n<tr class=\"row-8\">\n\t<td class=\"column-1\">EVA ELIANA RAMOS GOUVEIA<\/td><td class=\"column-2\">05\/2024<\/td><td class=\"column-3\"><a href=\"https:\/\/www.camaracg.pb.gov.br\/transparencia\/wp-content\/uploads\/2024\/06\/VIAP-EVA-GOUVEIA-05-2024.xlsx\" target=\"_blank\" rel=\"noopener\">PLANILHA<\/a><\/td>\n<\/tr>\n<tr class=\"row-9\">\n\t<td class=\"column-1\">EVA ELIANA RAMOS GOUVEIA<\/td><td class=\"column-2\"><center>04\/2024<\/center><\/td><td class=\"column-3\"><a href=\"https:\/\/www.camaracg.pb.gov.br\/transparencia\/wp-content\/uploads\/2024\/05\/VIAP-EVA-GOUVEIA-04-2024.xlsx\" target=\"_blank\" rel=\"noopener\">PLANILHA<\/a><\/td>\n<\/tr>\n<\/tbody>\n<\/table>\n<!-- #tablepress-153 from cache -->\n<p style=\"text-align: center;\">\n<table id=\"tablepress-154\" class=\"tablepress tablepress-id-154\">\n<tbody class=\"row-hover\">\n<tr class=\"row-1\">\n\t<td class=\"column-1\">FABIANA CAMELO DA SILVA<\/td><td class=\"column-2\"><center>12\/2024<\/center><\/td><td class=\"column-3\"><a href=\"https:\/\/www.camaracg.pb.gov.br\/transparencia\/wp-content\/uploads\/2025\/01\/VIAP-FABIANA-GOMES-12-2024.xlsx\" target=\"_blank\" rel=\"noopener\">PLANILHA<\/a><\/td>\n<\/tr>\n<tr class=\"row-2\">\n\t<td class=\"column-1\">FABIANA CAMELO DA SILVA<\/td><td class=\"column-2\">11\/2024<\/td><td class=\"column-3\"><a href=\"https:\/\/www.camaracg.pb.gov.br\/transparencia\/wp-content\/uploads\/2025\/01\/VIAP-FABIANA-GOMES-11-2024.xlsx\" target=\"_blank\" rel=\"noopener\">PLANILHA<\/a><\/td>\n<\/tr>\n<tr class=\"row-3\">\n\t<td class=\"column-1\">FABIANA CAMELO DA SILVA<\/td><td class=\"column-2\"><center>10\/2024<\/center><\/td><td class=\"column-3\"><a href=\"https:\/\/www.camaracg.pb.gov.br\/transparencia\/wp-content\/uploads\/2024\/12\/VIAP-FABIANA-GOMES-10-2024.xlsx\" target=\"_blank\" rel=\"noopener\">PLANILHA<\/a><\/td>\n<\/tr>\n<tr class=\"row-4\">\n\t<td class=\"column-1\">FABIANA CAMELO DA SILVA<\/td><td class=\"column-2\">09\/2024<\/td><td class=\"column-3\"><a href=\"https:\/\/www.camaracg.pb.gov.br\/transparencia\/wp-content\/uploads\/2024\/12\/VIAP-FABIANA-GOMES-09-2024.xlsx\" target=\"_blank\" rel=\"noopener\">PLANILHA<\/a><\/td>\n<\/tr>\n<tr class=\"row-5\">\n\t<td class=\"column-1\">FABIANA CAMELO DA SILVA<\/td><td class=\"column-2\"><center>08\/2024<\/center><\/td><td class=\"column-3\"><a href=\"https:\/\/www.camaracg.pb.gov.br\/transparencia\/wp-content\/uploads\/2024\/10\/VIAP-FABIANA-GOMES-08-2024.xlsx\" target=\"_blank\" rel=\"noopener\">PLANILHA<\/a><\/td>\n<\/tr>\n<tr class=\"row-6\">\n\t<td class=\"column-1\">FABIANA CAMELO DA SILVA<\/td><td class=\"column-2\">07\/2024<\/td><td class=\"column-3\"><a href=\"https:\/\/www.camaracg.pb.gov.br\/transparencia\/wp-content\/uploads\/2024\/10\/VIAP-FABIANA-GOMES-07-2024.xlsx\" target=\"_blank\" rel=\"noopener\">PLANILHA<\/a><\/td>\n<\/tr>\n<tr class=\"row-7\">\n\t<td class=\"column-1\">FABIANA CAMELO DA SILVA<\/td><td class=\"column-2\"><center>06\/2024<\/center><\/td><td class=\"column-3\"><a href=\"https:\/\/www.camaracg.pb.gov.br\/transparencia\/wp-content\/uploads\/2024\/10\/VIAP-FABIANA-GOMES-06-2024.xlsx\" target=\"_blank\" rel=\"noopener\">PLANILHA<\/a><\/td>\n<\/tr>\n<tr class=\"row-8\">\n\t<td class=\"column-1\">FABIANA CAMELO DA SILVA<\/td><td class=\"column-2\">05\/2024<\/td><td class=\"column-3\"><a href=\"https:\/\/www.camaracg.pb.gov.br\/transparencia\/wp-content\/uploads\/2024\/06\/VIAP-FABIANA-GOMES-05-2024.xlsx\" target=\"_blank\" rel=\"noopener\">PLANILHA<\/a><\/td>\n<\/tr>\n<tr class=\"row-9\">\n\t<td class=\"column-1\">FABIANA CAMELO DA SILVA<\/td><td class=\"column-2\"><center>04\/2024<\/center><\/td><td class=\"column-3\"><a href=\"https:\/\/www.camaracg.pb.gov.br\/transparencia\/wp-content\/uploads\/2024\/05\/VIAP-FABIANA-GOMES-04-2024.xlsx\" target=\"_blank\" rel=\"noopener\">PLANILHA<\/a><\/td>\n<\/tr>\n<\/tbody>\n<\/table>\n<!-- #tablepress-154 from cache -->\n<p style=\"text-align: center;\">\n<table id=\"tablepress-155\" class=\"tablepress tablepress-id-155\">\n<tbody class=\"row-hover\">\n<tr class=\"row-1\">\n\t<td class=\"column-1\">HILMAR FALCAO PEREIRA<\/td><td class=\"column-2\"><center>12\/2024<\/center><\/td><td class=\"column-3\"><a href=\"https:\/\/www.camaracg.pb.gov.br\/transparencia\/wp-content\/uploads\/2025\/01\/VIAP-HILMAR-FALCAO-12-2024.xlsx\" target=\"_blank\" rel=\"noopener\">PLANILHA<\/a><\/td>\n<\/tr>\n<tr class=\"row-2\">\n\t<td class=\"column-1\">HILMAR FALCAO PEREIRA<\/td><td class=\"column-2\">11\/2024<\/td><td class=\"column-3\"><a href=\"https:\/\/www.camaracg.pb.gov.br\/transparencia\/wp-content\/uploads\/2025\/01\/VIAP-HILMAR-FALCAO-11-2024.xlsx\" target=\"_blank\" rel=\"noopener\">PLANILHA<\/a><\/td>\n<\/tr>\n<tr class=\"row-3\">\n\t<td class=\"column-1\">HILMAR FALCAO PEREIRA<\/td><td class=\"column-2\"><center>10\/2024<\/center><\/td><td class=\"column-3\"><a href=\"https:\/\/www.camaracg.pb.gov.br\/transparencia\/wp-content\/uploads\/2024\/12\/VIAP-HILMAR-FALCAO-10-2024.xlsx\" target=\"_blank\" rel=\"noopener\">PLANILHA<\/a><\/td>\n<\/tr>\n<tr class=\"row-4\">\n\t<td class=\"column-1\">HILMAR FALCAO PEREIRA<\/td><td class=\"column-2\">09\/2024<\/td><td class=\"column-3\"><a href=\"https:\/\/www.camaracg.pb.gov.br\/transparencia\/wp-content\/uploads\/2024\/12\/VIAP-HILMAR-FALCAO-09-2024.xlsx\" target=\"_blank\" rel=\"noopener\">PLANILHA<\/a><\/td>\n<\/tr>\n<tr class=\"row-5\">\n\t<td class=\"column-1\">HILMAR FALCAO PEREIRA<\/td><td class=\"column-2\"><center>08\/2024<\/center><\/td><td class=\"column-3\"><a href=\"https:\/\/www.camaracg.pb.gov.br\/transparencia\/wp-content\/uploads\/2024\/10\/VIAP-HILMAR-FALCAO-08-2024.xlsx\" target=\"_blank\" rel=\"noopener\">PLANILHA<\/a><\/td>\n<\/tr>\n<tr class=\"row-6\">\n\t<td class=\"column-1\">HILMAR FALCAO PEREIRA<\/td><td class=\"column-2\">07\/2024<\/td><td class=\"column-3\"><a href=\"https:\/\/www.camaracg.pb.gov.br\/transparencia\/wp-content\/uploads\/2024\/10\/VIAP-HILMAR-FALCAO-07-2024.xlsx\" target=\"_blank\" rel=\"noopener\">PLANILHA<\/a><\/td>\n<\/tr>\n<tr class=\"row-7\">\n\t<td class=\"column-1\">HILMAR FALCAO PEREIRA<\/td><td class=\"column-2\"><center>06\/2024<\/center><\/td><td class=\"column-3\"><a href=\"https:\/\/www.camaracg.pb.gov.br\/transparencia\/wp-content\/uploads\/2024\/10\/VIAP-HILMAR-FALCAO-06-2024.xlsx\" target=\"_blank\" rel=\"noopener\">PLANILHA<\/a><\/td>\n<\/tr>\n<tr class=\"row-8\">\n\t<td class=\"column-1\">HILMAR FALCAO PEREIRA<\/td><td class=\"column-2\">05\/2024<\/td><td class=\"column-3\"><a href=\"https:\/\/www.camaracg.pb.gov.br\/transparencia\/wp-content\/uploads\/2024\/06\/VIAP-HILMAR-FALCAO-05-2024.xlsx\" target=\"_blank\" rel=\"noopener\">PLANILHA<\/a><\/td>\n<\/tr>\n<tr class=\"row-9\">\n\t<td class=\"column-1\">HILMAR FALCAO PEREIRA<\/td><td class=\"column-2\"><center>04\/2024<\/center><\/td><td class=\"column-3\"><a href=\"https:\/\/www.camaracg.pb.gov.br\/transparencia\/wp-content\/uploads\/2024\/05\/VIAP-HILMAR-FALCAO-04-2024.xlsx\" target=\"_blank\" rel=\"noopener\">PLANILHA<\/a><\/td>\n<\/tr>\n<\/tbody>\n<\/table>\n<!-- #tablepress-155 from cache -->\n<p style=\"text-align: center;\">\n<table id=\"tablepress-156\" class=\"tablepress tablepress-id-156\">\n<tbody class=\"row-hover\">\n<tr class=\"row-1\">\n\t<td class=\"column-1\">IVONETE ALMEIDA DE ANDRADE LUDGERIO<\/td><td class=\"column-2\"><center>12\/2024<center><\/td><td class=\"column-3\"><a href=\"https:\/\/www.camaracg.pb.gov.br\/transparencia\/wp-content\/uploads\/2025\/01\/VIAP-IVONETE-LUDGERIO-122024.xlsx\" target=\"_blank\" rel=\"noopener\">PLANILHA<\/a><\/td>\n<\/tr>\n<tr class=\"row-2\">\n\t<td class=\"column-1\">IVONETE ALMEIDA DE ANDRADE LUDGERIO<\/td><td class=\"column-2\">11\/2024<\/td><td class=\"column-3\"><a href=\"https:\/\/www.camaracg.pb.gov.br\/transparencia\/wp-content\/uploads\/2025\/01\/VIAP-IVONETE-LUDGERIO-112024.xlsx\" target=\"_blank\" rel=\"noopener\">PLANILHA<\/a><\/td>\n<\/tr>\n<tr class=\"row-3\">\n\t<td class=\"column-1\">IVONETE ALMEIDA DE ANDRADE LUDGERIO<\/td><td class=\"column-2\"><center>10\/2024<center><\/td><td class=\"column-3\"><a href=\"https:\/\/www.camaracg.pb.gov.br\/transparencia\/wp-content\/uploads\/2024\/12\/VIAP-IVONETE-LUDGERIO-10-2024.xlsx\" target=\"_blank\" rel=\"noopener\">PLANILHA<\/a><\/td>\n<\/tr>\n<tr class=\"row-4\">\n\t<td class=\"column-1\">IVONETE ALMEIDA DE ANDRADE LUDGERIO<\/td><td class=\"column-2\">09\/2024<\/td><td class=\"column-3\"><a href=\"https:\/\/www.camaracg.pb.gov.br\/transparencia\/wp-content\/uploads\/2024\/12\/VIAP-IVONETE-LUDGERIO-09-2024.xlsx\" target=\"_blank\" rel=\"noopener\">PLANILHA<\/a><\/td>\n<\/tr>\n<tr class=\"row-5\">\n\t<td class=\"column-1\">IVONETE ALMEIDA DE ANDRADE LUDGERIO<\/td><td class=\"column-2\"><center>08\/2024<center><\/td><td class=\"column-3\"><a href=\"https:\/\/www.camaracg.pb.gov.br\/transparencia\/wp-content\/uploads\/2024\/10\/VIAP-IVONETE-LUDGERIO-08-2024.xlsx\" target=\"_blank\" rel=\"noopener\">PLANILHA<\/a><\/td>\n<\/tr>\n<tr class=\"row-6\">\n\t<td class=\"column-1\">IVONETE ALMEIDA DE ANDRADE LUDGERIO<\/td><td class=\"column-2\">07\/2024<\/td><td class=\"column-3\"><a href=\"https:\/\/www.camaracg.pb.gov.br\/transparencia\/wp-content\/uploads\/2024\/10\/VIAP-IVONETE-LUDGERIO-07-2024.xlsx\" target=\"_blank\" rel=\"noopener\">PLANILHA<\/a><\/td>\n<\/tr>\n<tr class=\"row-7\">\n\t<td class=\"column-1\">IVONETE ALMEIDA DE ANDRADE LUDGERIO<\/td><td class=\"column-2\"><center>06\/2024<center><\/td><td class=\"column-3\"><a href=\"https:\/\/www.camaracg.pb.gov.br\/transparencia\/wp-content\/uploads\/2024\/10\/VIAP-IVONETE-LUDGERIO-06-2024.xlsx\" target=\"_blank\" rel=\"noopener\">PLANILHA<\/a><\/td>\n<\/tr>\n<tr class=\"row-8\">\n\t<td class=\"column-1\">IVONETE ALMEIDA DE ANDRADE LUDGERIO<\/td><td class=\"column-2\">05\/2024<\/td><td class=\"column-3\"><a href=\"https:\/\/www.camaracg.pb.gov.br\/transparencia\/wp-content\/uploads\/2024\/06\/VIAP-IVONETE-LUDGERIO-05-2024.xlsx\" target=\"_blank\" rel=\"noopener\">PLANILHA<\/a><\/td>\n<\/tr>\n<tr class=\"row-9\">\n\t<td class=\"column-1\">IVONETE ALMEIDA DE ANDRADE LUDGERIO<\/td><td class=\"column-2\"><center>04\/2024<center><\/td><td class=\"column-3\"><a href=\"https:\/\/www.camaracg.pb.gov.br\/transparencia\/wp-content\/uploads\/2024\/05\/VIAP-IVONETE-LUDGERIO-04-2024.xlsx\" target=\"_blank\" rel=\"noopener\">PLANILHA<\/a><\/td>\n<\/tr>\n<\/tbody>\n<\/table>\n<!-- #tablepress-156 from cache -->\n<p style=\"text-align: center;\">\n<table id=\"tablepress-157\" class=\"tablepress tablepress-id-157\">\n<tbody class=\"row-hover\">\n<tr class=\"row-1\">\n\t<td class=\"column-1\">JANDUY LEITE FERREIRA<\/td><td class=\"column-2\"><center>12\/2024<\/center><\/td><td class=\"column-3\"><a href=\"https:\/\/www.camaracg.pb.gov.br\/transparencia\/wp-content\/uploads\/2025\/01\/VIAP-JANDUY-FERREIRA-12-2024.xlsx\" target=\"_blank\" rel=\"noopener\">PLANILHA<\/a><\/td>\n<\/tr>\n<tr class=\"row-2\">\n\t<td class=\"column-1\">JANDUY LEITE FERREIRA<\/td><td class=\"column-2\">11\/2024<\/td><td class=\"column-3\"><a href=\"https:\/\/www.camaracg.pb.gov.br\/transparencia\/wp-content\/uploads\/2025\/01\/VIAP-JANDUY-FERREIRA-11-2024.xlsx\" target=\"_blank\" rel=\"noopener\">PLANILHA<\/a><\/td>\n<\/tr>\n<tr class=\"row-3\">\n\t<td class=\"column-1\">JANDUY LEITE FERREIRA<\/td><td class=\"column-2\"><center>10\/2024<\/center><\/td><td class=\"column-3\"><a href=\"https:\/\/www.camaracg.pb.gov.br\/transparencia\/wp-content\/uploads\/2024\/12\/VIAP-JANDUY-FERREIRA-10-2024.xlsx\" target=\"_blank\" rel=\"noopener\">PLANILHA<\/a><\/td>\n<\/tr>\n<tr class=\"row-4\">\n\t<td class=\"column-1\">JANDUY LEITE FERREIRA<\/td><td class=\"column-2\">09\/2024<\/td><td class=\"column-3\"><a href=\"https:\/\/www.camaracg.pb.gov.br\/transparencia\/wp-content\/uploads\/2024\/12\/VIAP-JANDUY-FERREIRA-09-2024.xlsx\" target=\"_blank\" rel=\"noopener\">PLANILHA<\/a><\/td>\n<\/tr>\n<tr class=\"row-5\">\n\t<td class=\"column-1\">JANDUY LEITE FERREIRA<\/td><td class=\"column-2\"><center>08\/2024<\/center><\/td><td class=\"column-3\"><a href=\"https:\/\/www.camaracg.pb.gov.br\/transparencia\/wp-content\/uploads\/2024\/10\/VIAP-JANDUY-FERREIRA-08-2024.xlsx\" target=\"_blank\" rel=\"noopener\">PLANILHA<\/a><\/td>\n<\/tr>\n<tr class=\"row-6\">\n\t<td class=\"column-1\">JANDUY LEITE FERREIRA<\/td><td class=\"column-2\">07\/2024<\/td><td class=\"column-3\"><a href=\"https:\/\/www.camaracg.pb.gov.br\/transparencia\/wp-content\/uploads\/2024\/10\/VIAP-JANDUY-FERREIRA-07-2024.xlsx\" target=\"_blank\" rel=\"noopener\">PLANILHA<\/a><\/td>\n<\/tr>\n<tr class=\"row-7\">\n\t<td class=\"column-1\">JANDUY LEITE FERREIRA<\/td><td class=\"column-2\"><center>06\/2024<\/center><\/td><td class=\"column-3\"><a href=\"https:\/\/www.camaracg.pb.gov.br\/transparencia\/wp-content\/uploads\/2024\/10\/VIAP-JANDUY-FERREIRA-06-2024.xlsx\" target=\"_blank\" rel=\"noopener\">PLANILHA<\/a><\/td>\n<\/tr>\n<tr class=\"row-8\">\n\t<td class=\"column-1\">JANDUY LEITE FERREIRA<\/td><td class=\"column-2\">05\/2024<\/td><td class=\"column-3\"><a href=\"https:\/\/www.camaracg.pb.gov.br\/transparencia\/wp-content\/uploads\/2024\/06\/VIAP-JANDUY-FERREIRA-05-2024.xlsx\" target=\"_blank\" rel=\"noopener\">PLANILHA<\/a><\/td>\n<\/tr>\n<tr class=\"row-9\">\n\t<td class=\"column-1\">JANDUY LEITE FERREIRA<\/td><td class=\"column-2\"><center>04\/2024<\/center><\/td><td class=\"column-3\"><a href=\"https:\/\/www.camaracg.pb.gov.br\/transparencia\/wp-content\/uploads\/2024\/05\/VIAP-JANDUY-FERREIRA-04-2024.xlsx\" target=\"_blank\" rel=\"noopener\">PLANILHA<\/a><\/td>\n<\/tr>\n<\/tbody>\n<\/table>\n<!-- #tablepress-157 from cache -->\n<p style=\"text-align: center;\">\n<table id=\"tablepress-158\" class=\"tablepress tablepress-id-158\">\n<tbody class=\"row-hover\">\n<tr class=\"row-1\">\n\t<td class=\"column-1\">JOSE ALDO CABRAL PEREIRA<\/td><td class=\"column-2\"><center>12\/2024<\/center><\/td><td class=\"column-3\"><a href=\"https:\/\/www.camaracg.pb.gov.br\/transparencia\/wp-content\/uploads\/2025\/01\/VIAP-ALDO-CABRAL-12-2024.xlsx\" target=\"_blank\" rel=\"noopener\">PLANILHA<\/a><\/td>\n<\/tr>\n<tr class=\"row-2\">\n\t<td class=\"column-1\">JOSE ALDO CABRAL PEREIRA<\/td><td class=\"column-2\">11\/2024<\/td><td class=\"column-3\"><a href=\"https:\/\/www.camaracg.pb.gov.br\/transparencia\/wp-content\/uploads\/2025\/01\/VIAP-ALDO-CABRAL-11-2024.xlsx\" target=\"_blank\" rel=\"noopener\">PLANILHA<\/a><\/td>\n<\/tr>\n<tr class=\"row-3\">\n\t<td class=\"column-1\">JOSE ALDO CABRAL PEREIRA<\/td><td class=\"column-2\"><center>10\/2024<\/center><\/td><td class=\"column-3\"><a href=\"https:\/\/www.camaracg.pb.gov.br\/transparencia\/wp-content\/uploads\/2024\/12\/VIAP-ALDO-CABRAL-10-2024.xlsx\" target=\"_blank\" rel=\"noopener\">PLANILHA<\/a><\/td>\n<\/tr>\n<tr class=\"row-4\">\n\t<td class=\"column-1\">JOSE ALDO CABRAL PEREIRA<\/td><td class=\"column-2\">09\/2024<\/td><td class=\"column-3\"><a href=\"https:\/\/www.camaracg.pb.gov.br\/transparencia\/wp-content\/uploads\/2024\/12\/VIAP-ALDO-CABRAL-09-2024.xlsx\" target=\"_blank\" rel=\"noopener\">PLANILHA<\/a><\/td>\n<\/tr>\n<tr class=\"row-5\">\n\t<td class=\"column-1\">JOSE ALDO CABRAL PEREIRA<\/td><td class=\"column-2\"><center>08\/2024<\/center><\/td><td class=\"column-3\"><a href=\"https:\/\/www.camaracg.pb.gov.br\/transparencia\/wp-content\/uploads\/2024\/10\/VIAP-ALDO-CABRAL-08-2024.xlsx\" target=\"_blank\" rel=\"noopener\">PLANILHA<\/a><\/td>\n<\/tr>\n<tr class=\"row-6\">\n\t<td class=\"column-1\">JOSE ALDO CABRAL PEREIRA<\/td><td class=\"column-2\">07\/2024<\/td><td class=\"column-3\"><a href=\"https:\/\/www.camaracg.pb.gov.br\/transparencia\/wp-content\/uploads\/2024\/10\/VIAP-ALDO-CABRAL-07-2024.xlsx\" target=\"_blank\" rel=\"noopener\">PLANILHA<\/a><\/td>\n<\/tr>\n<tr class=\"row-7\">\n\t<td class=\"column-1\">JOSE ALDO CABRAL PEREIRA<\/td><td class=\"column-2\"><center>06\/2024<\/center><\/td><td class=\"column-3\"><a href=\"https:\/\/www.camaracg.pb.gov.br\/transparencia\/wp-content\/uploads\/2024\/10\/VIAP-ALDO-CABRAL-06-2024.xlsx\" target=\"_blank\" rel=\"noopener\">PLANILHA<\/a><\/td>\n<\/tr>\n<tr class=\"row-8\">\n\t<td class=\"column-1\">JOSE ALDO CABRAL PEREIRA<\/td><td class=\"column-2\">05\/2024<\/td><td class=\"column-3\"><a href=\"https:\/\/www.camaracg.pb.gov.br\/transparencia\/wp-content\/uploads\/2024\/06\/VIAP-ALDO-CABRAL-05-2024.xlsx\" target=\"_blank\" rel=\"noopener\">PLANILHA<\/a><\/td>\n<\/tr>\n<tr class=\"row-9\">\n\t<td class=\"column-1\">JOSE ALDO CABRAL PEREIRA<\/td><td class=\"column-2\"><center>04\/2024<center><\/td><td class=\"column-3\"><a href=\"https:\/\/www.camaracg.pb.gov.br\/transparencia\/wp-content\/uploads\/2024\/05\/VIAP-ALDO-CABRAL-04-2024.xlsx\" target=\"_blank\" rel=\"noopener\">PLANILHA<\/a><\/td>\n<\/tr>\n<\/tbody>\n<\/table>\n<!-- #tablepress-158 from cache -->\n<p style=\"text-align: center;\">\n<table id=\"tablepress-159\" class=\"tablepress tablepress-id-159\">\n<tbody class=\"row-hover\">\n<tr class=\"row-1\">\n\t<td class=\"column-1\">JOSE MARINALDO CARDOSO<\/td><td class=\"column-2\"><center>12\/2024<\/center><\/td><td class=\"column-3\"><a href=\"https:\/\/www.camaracg.pb.gov.br\/transparencia\/wp-content\/uploads\/2025\/01\/VIAP-MARINALDO-CARDOSO-12-2024.xlsx\" target=\"_blank\" rel=\"noopener\">PLANILHA<\/a><\/td>\n<\/tr>\n<tr class=\"row-2\">\n\t<td class=\"column-1\">JOSE MARINALDO CARDOSO<\/td><td class=\"column-2\">11\/2024<\/td><td class=\"column-3\"><a href=\"https:\/\/www.camaracg.pb.gov.br\/transparencia\/wp-content\/uploads\/2025\/01\/VIAP-MARINALDO-CARDOSO-11-2024.xlsx\" target=\"_blank\" rel=\"noopener\">PLANILHA<\/a><\/td>\n<\/tr>\n<tr class=\"row-3\">\n\t<td class=\"column-1\">JOSE MARINALDO CARDOSO<\/td><td class=\"column-2\"><center>10\/2024<\/center><\/td><td class=\"column-3\"><a href=\"https:\/\/www.camaracg.pb.gov.br\/transparencia\/wp-content\/uploads\/2024\/12\/VIAP-MARINALDO-CARDOSO-10-2024.xlsx\" target=\"_blank\" rel=\"noopener\">PLANILHA<\/a><\/td>\n<\/tr>\n<tr class=\"row-4\">\n\t<td class=\"column-1\">JOSE MARINALDO CARDOSO<\/td><td class=\"column-2\">09\/2024<\/td><td class=\"column-3\"><a href=\"https:\/\/www.camaracg.pb.gov.br\/transparencia\/wp-content\/uploads\/2024\/12\/VIAP-MARINALDO-CARDOSO-09-2024.xlsx\" target=\"_blank\" rel=\"noopener\">PLANILHA<\/a><\/td>\n<\/tr>\n<tr class=\"row-5\">\n\t<td class=\"column-1\">JOSE MARINALDO CARDOSO<\/td><td class=\"column-2\"><center>08\/2024<\/center><\/td><td class=\"column-3\"><a href=\"https:\/\/www.camaracg.pb.gov.br\/transparencia\/wp-content\/uploads\/2024\/10\/VIAP-MARINALDO-CARDOSO-08-2024.xlsx\" target=\"_blank\" rel=\"noopener\">PLANILHA<\/a><\/td>\n<\/tr>\n<tr class=\"row-6\">\n\t<td class=\"column-1\">JOSE MARINALDO CARDOSO<\/td><td class=\"column-2\">07\/2024<\/td><td class=\"column-3\"><a href=\"https:\/\/www.camaracg.pb.gov.br\/transparencia\/wp-content\/uploads\/2024\/10\/VIAP-MARINALDO-CARDOSO-07-2024.xlsx\" target=\"_blank\" rel=\"noopener\">PLANILHA<\/a><\/td>\n<\/tr>\n<tr class=\"row-7\">\n\t<td class=\"column-1\">JOSE MARINALDO CARDOSO<\/td><td class=\"column-2\"><center>06\/2024<\/center><\/td><td class=\"column-3\"><a href=\"https:\/\/www.camaracg.pb.gov.br\/transparencia\/wp-content\/uploads\/2024\/10\/VIAP-MARINALDO-CARDOSO-06-2024.xlsx\" target=\"_blank\" rel=\"noopener\">PLANILHA<\/a><\/td>\n<\/tr>\n<tr class=\"row-8\">\n\t<td class=\"column-1\">JOSE MARINALDO CARDOSO<\/td><td class=\"column-2\">05\/2024<\/td><td class=\"column-3\"><a href=\"https:\/\/www.camaracg.pb.gov.br\/transparencia\/wp-content\/uploads\/2024\/06\/VIAP-MARINALDO-CARDOSO-05-2024.xlsx\" target=\"_blank\" rel=\"noopener\">PLANILHA<\/a><\/td>\n<\/tr>\n<tr class=\"row-9\">\n\t<td class=\"column-1\">JOSE MARINALDO CARDOSO<\/td><td class=\"column-2\"><center>04\/2024<\/center><\/td><td class=\"column-3\"><a href=\"https:\/\/www.camaracg.pb.gov.br\/transparencia\/wp-content\/uploads\/2024\/05\/VIAP-MARINALDO-CARDOSO-04-2024.xlsx\" target=\"_blank\" rel=\"noopener\">PLANILHA<\/a><\/td>\n<\/tr>\n<\/tbody>\n<\/table>\n<!-- #tablepress-159 from cache -->\n<p style=\"text-align: center;\">\n<table id=\"tablepress-160\" class=\"tablepress tablepress-id-160\">\n<tbody class=\"row-hover\">\n<tr class=\"row-1\">\n\t<td class=\"column-1\">JOSILENE MARIA DE OLIVEIRA<\/td><td class=\"column-2\"><center>12\/2024<\/center><\/td><td class=\"column-3\"><a href=\"https:\/\/www.camaracg.pb.gov.br\/transparencia\/wp-content\/uploads\/2025\/01\/VIAP-JO-OLIVEIRA-122024.xlsx\" target=\"_blank\" rel=\"noopener\">PLANILHA<\/a><\/td>\n<\/tr>\n<tr class=\"row-2\">\n\t<td class=\"column-1\">JOSILENE MARIA DE OLIVEIRA<\/td><td class=\"column-2\">11\/2024<\/td><td class=\"column-3\"><a href=\"https:\/\/www.camaracg.pb.gov.br\/transparencia\/wp-content\/uploads\/2025\/01\/VIAP-JO-OLIVEIRA-112024.xlsx\" target=\"_blank\" rel=\"noopener\">PLANILHA<\/a><\/td>\n<\/tr>\n<tr class=\"row-3\">\n\t<td class=\"column-1\">JOSILENE MARIA DE OLIVEIRA<\/td><td class=\"column-2\"><center>10\/2024<\/center><\/td><td class=\"column-3\"><a href=\"https:\/\/www.camaracg.pb.gov.br\/transparencia\/wp-content\/uploads\/2024\/12\/VIAP-JO-OLIVEIRA-10-2024.xlsx\" target=\"_blank\" rel=\"noopener\">PLANILHA<\/a><\/td>\n<\/tr>\n<tr class=\"row-4\">\n\t<td class=\"column-1\">JOSILENE MARIA DE OLIVEIRA<\/td><td class=\"column-2\">09\/2024<\/td><td class=\"column-3\"><a href=\"https:\/\/www.camaracg.pb.gov.br\/transparencia\/wp-content\/uploads\/2024\/12\/VIAP-JO-OLIVEIRA-09-2024.xlsx\" target=\"_blank\" rel=\"noopener\">PLANILHA<\/a><\/td>\n<\/tr>\n<tr class=\"row-5\">\n\t<td class=\"column-1\">JOSILENE MARIA DE OLIVEIRA<\/td><td class=\"column-2\"><center>08\/2024<\/center><\/td><td class=\"column-3\"><a href=\"https:\/\/www.camaracg.pb.gov.br\/transparencia\/wp-content\/uploads\/2024\/10\/VIAP-JO-OLIVEIRA-08-2024.xlsx\" target=\"_blank\" rel=\"noopener\">PLANILHA<\/a><\/td>\n<\/tr>\n<tr class=\"row-6\">\n\t<td class=\"column-1\">JOSILENE MARIA DE OLIVEIRA<\/td><td class=\"column-2\">07\/2024<\/td><td class=\"column-3\"><a href=\"https:\/\/www.camaracg.pb.gov.br\/transparencia\/wp-content\/uploads\/2024\/10\/VIAP-JO-OLIVEIRA-07-2024.xlsx\" target=\"_blank\" rel=\"noopener\">PLANILHA<\/a><\/td>\n<\/tr>\n<tr class=\"row-7\">\n\t<td class=\"column-1\">JOSILENE MARIA DE OLIVEIRA<\/td><td class=\"column-2\"><center>06\/2024<\/center><\/td><td class=\"column-3\"><a href=\"https:\/\/www.camaracg.pb.gov.br\/transparencia\/wp-content\/uploads\/2024\/10\/VIAP-JO-OLIVEIRA-06-2024.xlsx\" target=\"_blank\" rel=\"noopener\">PLANILHA<\/a><\/td>\n<\/tr>\n<tr class=\"row-8\">\n\t<td class=\"column-1\">JOSILENE MARIA DE OLIVEIRA<\/td><td class=\"column-2\">05\/2024<\/td><td class=\"column-3\"><a href=\"https:\/\/www.camaracg.pb.gov.br\/transparencia\/wp-content\/uploads\/2024\/06\/VIAP-JO-OLIVEIRA-05-2024.xlsx\" target=\"_blank\" rel=\"noopener\">PLANILHA<\/a><\/td>\n<\/tr>\n<tr class=\"row-9\">\n\t<td class=\"column-1\">JOSILENE MARIA DE OLIVEIRA<\/td><td class=\"column-2\"><center>04\/2024<\/center><\/td><td class=\"column-3\"><a href=\"https:\/\/www.camaracg.pb.gov.br\/transparencia\/wp-content\/uploads\/2024\/05\/VIAP-JO-OLIVEIRA-04-2024.xlsx\" target=\"_blank\" rel=\"noopener\">PLANILHA<\/a><\/td>\n<\/tr>\n<\/tbody>\n<\/table>\n<!-- #tablepress-160 from cache -->\n<p style=\"text-align: center;\">\n<table id=\"tablepress-161\" class=\"tablepress tablepress-id-161\">\n<tbody class=\"row-hover\">\n<tr class=\"row-1\">\n\t<td class=\"column-1\">LUCIANO BRENO CHAVES PEREIRA<\/td><td class=\"column-2\"><center>12\/2024<\/center><\/td><td class=\"column-3\"><a href=\"https:\/\/www.camaracg.pb.gov.br\/transparencia\/wp-content\/uploads\/2025\/01\/VIAP-PR.-LUCIANO-BRENO-122024.xlsx\" target=\"_blank\" rel=\"noopener\">PLANILHA<\/a><\/td>\n<\/tr>\n<tr class=\"row-2\">\n\t<td class=\"column-1\">LUCIANO BRENO CHAVES PEREIRA<\/td><td class=\"column-2\">11\/2024<\/td><td class=\"column-3\"><a href=\"https:\/\/www.camaracg.pb.gov.br\/transparencia\/wp-content\/uploads\/2025\/01\/VIAP-PR.-LUCIANO-BRENO-112024.xlsx\" target=\"_blank\" rel=\"noopener\">PLANILHA<\/a><\/td>\n<\/tr>\n<tr class=\"row-3\">\n\t<td class=\"column-1\">LUCIANO BRENO CHAVES PEREIRA<\/td><td class=\"column-2\"><center>10\/2024<\/center><\/td><td class=\"column-3\"><a href=\"https:\/\/www.camaracg.pb.gov.br\/transparencia\/wp-content\/uploads\/2024\/12\/VIAP-PR.-LUCIANO-BRENO-10-2024.xlsx\" target=\"_blank\" rel=\"noopener\">PLANILHA<\/a><\/td>\n<\/tr>\n<tr class=\"row-4\">\n\t<td class=\"column-1\">LUCIANO BRENO CHAVES PEREIRA<\/td><td class=\"column-2\">09\/2024<\/td><td class=\"column-3\"><a href=\"https:\/\/www.camaracg.pb.gov.br\/transparencia\/wp-content\/uploads\/2024\/12\/VIAP-PR.-LUCIANO-BRENO-09-2024.xlsx\" target=\"_blank\" rel=\"noopener\">PLANILHA<\/a><\/td>\n<\/tr>\n<tr class=\"row-5\">\n\t<td class=\"column-1\">LUCIANO BRENO CHAVES PEREIRA<\/td><td class=\"column-2\"><center>08\/2024<\/center><\/td><td class=\"column-3\"><a href=\"https:\/\/www.camaracg.pb.gov.br\/transparencia\/wp-content\/uploads\/2024\/10\/VIAP-PR.-LUCIANO-BRENO-08-2024.xlsx\" target=\"_blank\" rel=\"noopener\">PLANILHA<\/a><\/td>\n<\/tr>\n<tr class=\"row-6\">\n\t<td class=\"column-1\">LUCIANO BRENO CHAVES PEREIRA<\/td><td class=\"column-2\">07\/2024<\/td><td class=\"column-3\"><a href=\"https:\/\/www.camaracg.pb.gov.br\/transparencia\/wp-content\/uploads\/2024\/10\/VIAP-PR.-LUCIANO-BRENO-07-2024.xlsx\" target=\"_blank\" rel=\"noopener\">PLANILHA<\/a><\/td>\n<\/tr>\n<tr class=\"row-7\">\n\t<td class=\"column-1\">LUCIANO BRENO CHAVES PEREIRA<\/td><td class=\"column-2\"><center>06\/2024<\/center><\/td><td class=\"column-3\"><a href=\"https:\/\/www.camaracg.pb.gov.br\/transparencia\/wp-content\/uploads\/2024\/10\/VIAP-PR.-LUCIANO-BRENO-06-2024.xlsx\" target=\"_blank\" rel=\"noopener\">PLANILHA<\/a><\/td>\n<\/tr>\n<tr class=\"row-8\">\n\t<td class=\"column-1\">LUCIANO BRENO CHAVES PEREIRA<\/td><td class=\"column-2\">05\/2024<\/td><td class=\"column-3\"><a href=\"https:\/\/www.camaracg.pb.gov.br\/transparencia\/wp-content\/uploads\/2024\/06\/VIAP-PR-LUCIANO-BRENO-05-2024.xlsx\" target=\"_blank\" rel=\"noopener\">PLANILHA<\/a><\/td>\n<\/tr>\n<tr class=\"row-9\">\n\t<td class=\"column-1\">LUCIANO BRENO CHAVES PEREIRA<\/td><td class=\"column-2\"><center>04\/2024<\/center><\/td><td class=\"column-3\"><a href=\"https:\/\/www.camaracg.pb.gov.br\/transparencia\/wp-content\/uploads\/2024\/05\/VIAP-PR-LUCIANO-BRENO-04-2024.xlsx\" target=\"_blank\" rel=\"noopener\">PLANILHA<\/a><\/td>\n<\/tr>\n<\/tbody>\n<\/table>\n<!-- #tablepress-161 from cache -->\n<p style=\"text-align: center;\">\n<table id=\"tablepress-162\" class=\"tablepress tablepress-id-162\">\n<tbody class=\"row-hover\">\n<tr class=\"row-1\">\n\t<td class=\"column-1\">MARCIO MELO DE FARIAS<\/td><td class=\"column-2\"><center>12\/2024<center><\/td><td class=\"column-3\"><a href=\"https:\/\/www.camaracg.pb.gov.br\/transparencia\/wp-content\/uploads\/2025\/01\/VIAP-MARCIO-MELO-122024.xlsx\" target=\"_blank\" rel=\"noopener\">PLANILHA<\/a><\/td>\n<\/tr>\n<tr class=\"row-2\">\n\t<td class=\"column-1\">MARCIO MELO DE FARIAS<\/td><td class=\"column-2\">11\/2024<\/td><td class=\"column-3\"><a href=\"https:\/\/www.camaracg.pb.gov.br\/transparencia\/wp-content\/uploads\/2025\/01\/VIAP-MARCIO-MELO-112024.xlsx\" target=\"_blank\" rel=\"noopener\">PLANILHA<\/a><\/td>\n<\/tr>\n<tr class=\"row-3\">\n\t<td class=\"column-1\">MARCIO MELO DE FARIAS<\/td><td class=\"column-2\"><center>10\/2024<center><\/td><td class=\"column-3\"><a href=\"https:\/\/www.camaracg.pb.gov.br\/transparencia\/wp-content\/uploads\/2024\/12\/VIAP-MARCIO-MELO-10-2024.xlsx\" target=\"_blank\" rel=\"noopener\">PLANILHA<\/a><\/td>\n<\/tr>\n<tr class=\"row-4\">\n\t<td class=\"column-1\">MARCIO MELO DE FARIAS<\/td><td class=\"column-2\">09\/2024<\/td><td class=\"column-3\"><a href=\"https:\/\/www.camaracg.pb.gov.br\/transparencia\/wp-content\/uploads\/2024\/12\/VIAP-MARCIO-MELO-09-2024.xlsx\" target=\"_blank\" rel=\"noopener\">PLANILHA<\/a><\/td>\n<\/tr>\n<tr class=\"row-5\">\n\t<td class=\"column-1\">MARCIO MELO DE FARIAS<\/td><td class=\"column-2\"><center>08\/2024<center><\/td><td class=\"column-3\"><a href=\"https:\/\/www.camaracg.pb.gov.br\/transparencia\/wp-content\/uploads\/2024\/10\/VIAP-MARCIO-MELO-08-2024.xlsx\" target=\"_blank\" rel=\"noopener\">PLANILHA<\/a><\/td>\n<\/tr>\n<tr class=\"row-6\">\n\t<td class=\"column-1\">MARCIO MELO DE FARIAS<\/td><td class=\"column-2\">07\/2024<\/td><td class=\"column-3\"><a href=\"https:\/\/www.camaracg.pb.gov.br\/transparencia\/wp-content\/uploads\/2024\/10\/VIAP-MARCIO-MELO-07-2024.xlsx\" target=\"_blank\" rel=\"noopener\">PLANILHA<\/a><\/td>\n<\/tr>\n<tr class=\"row-7\">\n\t<td class=\"column-1\">MARCIO MELO DE FARIAS<\/td><td class=\"column-2\"><center>06\/2024<center><\/td><td class=\"column-3\"><a href=\"https:\/\/www.camaracg.pb.gov.br\/transparencia\/wp-content\/uploads\/2024\/10\/VIAP-MARCIO-MELO-06-2024.xlsx\" target=\"_blank\" rel=\"noopener\">PLANILHA<\/a><\/td>\n<\/tr>\n<tr class=\"row-8\">\n\t<td class=\"column-1\">MARCIO MELO DE FARIAS<\/td><td class=\"column-2\">05\/2024<\/td><td class=\"column-3\"><a href=\"https:\/\/www.camaracg.pb.gov.br\/transparencia\/wp-content\/uploads\/2024\/06\/VIAP-MARCIO-MELO-05-2024.xlsx\" target=\"_blank\" rel=\"noopener\">PLANILHA<\/a><\/td>\n<\/tr>\n<tr class=\"row-9\">\n\t<td class=\"column-1\">MARCIO MELO DE FARIAS<\/td><td class=\"column-2\"><center>04\/2024<center><\/td><td class=\"column-3\"><a href=\"https:\/\/www.camaracg.pb.gov.br\/transparencia\/wp-content\/uploads\/2024\/05\/VIAP-MARCIO-MELO-04-2024.xlsx\" target=\"_blank\" rel=\"noopener\">PLANILHA<\/a><\/td>\n<\/tr>\n<\/tbody>\n<\/table>\n<!-- #tablepress-162 from cache -->\n<p style=\"text-align: center;\">\n<table id=\"tablepress-163\" class=\"tablepress tablepress-id-163\">\n<tbody class=\"row-hover\">\n<tr class=\"row-1\">\n\t<td class=\"column-1\">MARIA DE FATIMA MELO SILVA<\/td><td class=\"column-2\"><center>12\/2024<\/center><\/td><td class=\"column-3\"><a href=\"https:\/\/www.camaracg.pb.gov.br\/transparencia\/wp-content\/uploads\/2025\/01\/VIAP-DONA-FATIMA-122024.xlsx\" target=\"_blank\" rel=\"noopener\">PLANILHA<\/a><\/td>\n<\/tr>\n<tr class=\"row-2\">\n\t<td class=\"column-1\">MARIA DE FATIMA MELO SILVA<\/td><td class=\"column-2\">11\/2024<\/td><td class=\"column-3\"><a href=\"https:\/\/www.camaracg.pb.gov.br\/transparencia\/wp-content\/uploads\/2025\/01\/VIAP-DONA-FATIMA-112024.xlsx\" target=\"_blank\" rel=\"noopener\">PLANILHA<\/a><\/td>\n<\/tr>\n<tr class=\"row-3\">\n\t<td class=\"column-1\">MARIA DE FATIMA MELO SILVA<\/td><td class=\"column-2\"><center>10\/2024<\/center><\/td><td class=\"column-3\"><a href=\"https:\/\/www.camaracg.pb.gov.br\/transparencia\/wp-content\/uploads\/2024\/12\/VIAP-DONA-FATIMA-10-2024.xlsx\" target=\"_blank\" rel=\"noopener\">PLANILHA<\/a><\/td>\n<\/tr>\n<tr class=\"row-4\">\n\t<td class=\"column-1\">MARIA DE FATIMA MELO SILVA<\/td><td class=\"column-2\">09\/2024<\/td><td class=\"column-3\"><a href=\"https:\/\/www.camaracg.pb.gov.br\/transparencia\/wp-content\/uploads\/2024\/12\/VIAP-DONA-FATIMA-09-2024.xlsx\" target=\"_blank\" rel=\"noopener\">PLANILHA<\/a><\/td>\n<\/tr>\n<tr class=\"row-5\">\n\t<td class=\"column-1\">MARIA DE FATIMA MELO SILVA<\/td><td class=\"column-2\"><center>08\/2024<\/center><\/td><td class=\"column-3\"><a href=\"https:\/\/www.camaracg.pb.gov.br\/transparencia\/wp-content\/uploads\/2024\/10\/VIAP-DONA-FATIMA-08-2024.xlsx\" target=\"_blank\" rel=\"noopener\">PLANILHA<\/a><\/td>\n<\/tr>\n<tr class=\"row-6\">\n\t<td class=\"column-1\">MARIA DE FATIMA MELO SILVA<\/td><td class=\"column-2\">07\/2024<\/td><td class=\"column-3\"><a href=\"https:\/\/www.camaracg.pb.gov.br\/transparencia\/wp-content\/uploads\/2024\/10\/VIAP-DONA-FATIMA-07-2024.xlsx\" target=\"_blank\" rel=\"noopener\">PLANILHA<\/a><\/td>\n<\/tr>\n<tr class=\"row-7\">\n\t<td class=\"column-1\">MARIA DE FATIMA MELO SILVA<\/td><td class=\"column-2\"><center>06\/2024<\/center><\/td><td class=\"column-3\"><a href=\"https:\/\/www.camaracg.pb.gov.br\/transparencia\/wp-content\/uploads\/2024\/10\/VIAP-DONA-FATIMA-06-2024.xlsx\" target=\"_blank\" rel=\"noopener\">PLANILHA<\/a><\/td>\n<\/tr>\n<tr class=\"row-8\">\n\t<td class=\"column-1\">MARIA DE FATIMA MELO SILVA<\/td><td class=\"column-2\">05\/2024<\/td><td class=\"column-3\"><a href=\"https:\/\/www.camaracg.pb.gov.br\/transparencia\/wp-content\/uploads\/2024\/06\/VIAP-DONA-FATIMA-05-2024.xlsx\" target=\"_blank\" rel=\"noopener\">PLANILHA<\/a><\/td>\n<\/tr>\n<tr class=\"row-9\">\n\t<td class=\"column-1\">MARIA DE FATIMA MELO SILVA<\/td><td class=\"column-2\"><center>04\/2024<\/center><\/td><td class=\"column-3\"><a href=\"https:\/\/www.camaracg.pb.gov.br\/transparencia\/wp-content\/uploads\/2024\/05\/VIAP-DONA-FATIMA-04-2024.xlsx\" target=\"_blank\" rel=\"noopener\">PLANILHA<\/a><\/td>\n<\/tr>\n<\/tbody>\n<\/table>\n<!-- #tablepress-163 from cache -->\n<p style=\"text-align: center;\">\n<table id=\"tablepress-164\" class=\"tablepress tablepress-id-164\">\n<tbody class=\"row-hover\">\n<tr class=\"row-1\">\n\t<td class=\"column-1\">NAPOLEAO DE FARIAS MARACAJA<\/td><td class=\"column-2\"><center>12\/2024<\/center><\/td><td class=\"column-3\"><a href=\"https:\/\/www.camaracg.pb.gov.br\/transparencia\/wp-content\/uploads\/2025\/01\/VIAP-NAPOLEAO-MARACAJA-12-2024.xlsx\" target=\"_blank\" rel=\"noopener\">PLANILHA<\/a><\/td>\n<\/tr>\n<tr class=\"row-2\">\n\t<td class=\"column-1\">NAPOLEAO DE FARIAS MARACAJA<\/td><td class=\"column-2\">11\/2024<\/td><td class=\"column-3\"><a href=\"https:\/\/www.camaracg.pb.gov.br\/transparencia\/wp-content\/uploads\/2025\/01\/VIAP-NAPOLEAO-MARACAJA-11-2024.xlsx\" target=\"_blank\" rel=\"noopener\">PLANILHA<\/a><\/td>\n<\/tr>\n<tr class=\"row-3\">\n\t<td class=\"column-1\">NAPOLEAO DE FARIAS MARACAJA<\/td><td class=\"column-2\"><center>10\/2024<\/center><\/td><td class=\"column-3\"><a href=\"https:\/\/www.camaracg.pb.gov.br\/transparencia\/wp-content\/uploads\/2024\/12\/VIAP-NAPOLEAO-MARACAJA-10-2024.xlsx\" target=\"_blank\" rel=\"noopener\">PLANILHA<\/a><\/td>\n<\/tr>\n<tr class=\"row-4\">\n\t<td class=\"column-1\">NAPOLEAO DE FARIAS MARACAJA<\/td><td class=\"column-2\">09\/2024<\/td><td class=\"column-3\"><a href=\"https:\/\/www.camaracg.pb.gov.br\/transparencia\/wp-content\/uploads\/2024\/12\/VIAP-NAPOLEAO-MARACAJA-10-2024.xlsx\" target=\"_blank\" rel=\"noopener\">PLANILHA<\/a><\/td>\n<\/tr>\n<tr class=\"row-5\">\n\t<td class=\"column-1\">NAPOLEAO DE FARIAS MARACAJA<\/td><td class=\"column-2\"><center>08\/2024<\/center><\/td><td class=\"column-3\"><a href=\"https:\/\/www.camaracg.pb.gov.br\/transparencia\/wp-content\/uploads\/2024\/10\/VIAP-NAPOLEAO-MARACAJA-08-2024.xlsx\" target=\"_blank\" rel=\"noopener\">PLANILHA<\/a><\/td>\n<\/tr>\n<tr class=\"row-6\">\n\t<td class=\"column-1\">NAPOLEAO DE FARIAS MARACAJA<\/td><td class=\"column-2\">07\/2024<\/td><td class=\"column-3\"><a href=\"https:\/\/www.camaracg.pb.gov.br\/transparencia\/wp-content\/uploads\/2024\/10\/VIAP-NAPOLEAO-MARACAJA-07-2024.xlsx\" target=\"_blank\" rel=\"noopener\">PLANILHA<\/a><\/td>\n<\/tr>\n<tr class=\"row-7\">\n\t<td class=\"column-1\">NAPOLEAO DE FARIAS MARACAJA<\/td><td class=\"column-2\"><center>06\/2024<\/center><\/td><td class=\"column-3\"><a href=\"https:\/\/www.camaracg.pb.gov.br\/transparencia\/wp-content\/uploads\/2024\/10\/VIAP-NAPOLEAO-MARACAJA-06-2024.xlsx\" target=\"_blank\" rel=\"noopener\">PLANILHA<\/a><\/td>\n<\/tr>\n<tr class=\"row-8\">\n\t<td class=\"column-1\">NAPOLEAO DE FARIAS MARACAJA<\/td><td class=\"column-2\">05\/2024<\/td><td class=\"column-3\"><a href=\"https:\/\/www.camaracg.pb.gov.br\/transparencia\/wp-content\/uploads\/2024\/06\/VIAP-NAPOLEAO-MARACAJA-05-2024.xlsx\" target=\"_blank\" rel=\"noopener\">PLANILHA<\/a><\/td>\n<\/tr>\n<tr class=\"row-9\">\n\t<td class=\"column-1\">NAPOLEAO DE FARIAS MARACAJA<\/td><td class=\"column-2\"><center>04\/2024<\/center><\/td><td class=\"column-3\"><a href=\"https:\/\/www.camaracg.pb.gov.br\/transparencia\/wp-content\/uploads\/2024\/05\/VIAP-NAPOLEAO-MARACAJA-04-2024.xlsx\" target=\"_blank\" rel=\"noopener\">PLANILHA<\/a><\/td>\n<\/tr>\n<\/tbody>\n<\/table>\n<!-- #tablepress-164 from cache -->\n<p style=\"text-align: center;\">\n<table id=\"tablepress-165\" class=\"tablepress tablepress-id-165\">\n<tbody class=\"row-hover\">\n<tr class=\"row-1\">\n\t<td class=\"column-1\">OLIMPIO OLIVEIRA<\/td><td class=\"column-2\"><center>12\/2024<\/center><\/td><td class=\"column-3\"><a href=\"https:\/\/www.camaracg.pb.gov.br\/transparencia\/wp-content\/uploads\/2025\/01\/VIAP-OLIMPIO-OLIVEIRA-12-2024.xlsx\" target=\"_blank\" rel=\"noopener\">PLANILHA<\/a><\/td>\n<\/tr>\n<tr class=\"row-2\">\n\t<td class=\"column-1\">OLIMPIO OLIVEIRA<\/td><td class=\"column-2\">11\/2024<\/td><td class=\"column-3\"><a href=\"https:\/\/www.camaracg.pb.gov.br\/transparencia\/wp-content\/uploads\/2025\/01\/VIAP-OLIMPIO-OLIVEIRA-11-2024.xlsx\" target=\"_blank\" rel=\"noopener\">PLANILHA<\/a><\/td>\n<\/tr>\n<tr class=\"row-3\">\n\t<td class=\"column-1\">OLIMPIO OLIVEIRA<\/td><td class=\"column-2\"><center>10\/2024<\/center><\/td><td class=\"column-3\"><a href=\"https:\/\/www.camaracg.pb.gov.br\/transparencia\/wp-content\/uploads\/2025\/01\/VIAP-OLIMPIO-OLIVEIRA-12-2024.xlsx\" target=\"_blank\" rel=\"noopener\">N\u00c3O HOUVE DESPESAS<\/a><\/td>\n<\/tr>\n<tr class=\"row-4\">\n\t<td class=\"column-1\">OLIMPIO OLIVEIRA<\/td><td class=\"column-2\">09\/2024<\/td><td class=\"column-3\"><a href=\"#\" target=\"_blank\" rel=\"noopener\">N\u00c3O HOUVE DESPESAS<\/a><\/td>\n<\/tr>\n<tr class=\"row-5\">\n\t<td class=\"column-1\">OLIMPIO OLIVEIRA<\/td><td class=\"column-2\"><center>08\/2024<\/center><\/td><td class=\"column-3\"><a href=\"https:\/\/www.camaracg.pb.gov.br\/transparencia\/wp-content\/uploads\/2024\/10\/VIAP-OLIMPIO-OLIVEIRA-08-2024.xlsx\" target=\"_blank\" rel=\"noopener\">PLANILHA<\/a><\/td>\n<\/tr>\n<tr class=\"row-6\">\n\t<td class=\"column-1\">OLIMPIO OLIVEIRA<\/td><td class=\"column-2\">07\/2024<\/td><td class=\"column-3\"><a href=\"https:\/\/www.camaracg.pb.gov.br\/transparencia\/wp-content\/uploads\/2024\/10\/VIAP-OLIMPIO-OLIVEIRA-07-2024.xlsx\" target=\"_blank\" rel=\"noopener\">PLANILHA<\/a><\/td>\n<\/tr>\n<tr class=\"row-7\">\n\t<td class=\"column-1\">OLIMPIO OLIVEIRA<\/td><td class=\"column-2\"><center>06\/2024<\/center><\/td><td class=\"column-3\"><a href=\"https:\/\/www.camaracg.pb.gov.br\/transparencia\/wp-content\/uploads\/2024\/10\/VIAP-OLIMPIO-OLIVEIRA-06-2024.xlsx\" target=\"_blank\" rel=\"noopener\">PLANILHA<\/a><\/td>\n<\/tr>\n<tr class=\"row-8\">\n\t<td class=\"column-1\">OLIMPIO OLIVEIRA<\/td><td class=\"column-2\">05\/2024<\/td><td class=\"column-3\"><a href=\"https:\/\/www.camaracg.pb.gov.br\/transparencia\/wp-content\/uploads\/2024\/06\/VIAP-OLIMPIO-OLIVEIRA-05-2024.xlsx\" target=\"_blank\" rel=\"noopener\">PLANILHA<\/a><\/td>\n<\/tr>\n<tr class=\"row-9\">\n\t<td class=\"column-1\">OLIMPIO OLIVEIRA<\/td><td class=\"column-2\"><center>04\/2024<\/center><\/td><td class=\"column-3\"><a href=\"https:\/\/www.camaracg.pb.gov.br\/transparencia\/wp-content\/uploads\/2024\/05\/VIAP-OLIMPIO-OLIVEIRA-042024.xlsx\" target=\"_blank\" rel=\"noopener\">PLANILHA<\/a><\/td>\n<\/tr>\n<\/tbody>\n<\/table>\n<!-- #tablepress-165 from cache -->\n<p style=\"text-align: center;\">\n<table id=\"tablepress-166\" class=\"tablepress tablepress-id-166\">\n<tbody class=\"row-hover\">\n<tr class=\"row-1\">\n\t<td class=\"column-1\">ROSTAND MIRANDA CAVALCANTE<\/td><td class=\"column-2\"><center>12\/2024<\/center><\/td><td class=\"column-3\"><a href=\"https:\/\/www.camaracg.pb.gov.br\/transparencia\/wp-content\/uploads\/2025\/01\/VIAP-ROSTAND-PARAIBA-12-2024.xlsx\" target=\"_blank\" rel=\"noopener\">PLANILHA<\/a><\/td>\n<\/tr>\n<tr class=\"row-2\">\n\t<td class=\"column-1\">ROSTAND MIRANDA CAVALCANTE<\/td><td class=\"column-2\">11\/2024<\/td><td class=\"column-3\"><a href=\"https:\/\/www.camaracg.pb.gov.br\/transparencia\/wp-content\/uploads\/2025\/01\/VIAP-ROSTAND-PARAIBA-11-2024.xlsx\" target=\"_blank\" rel=\"noopener\">PLANILHA<\/a><\/td>\n<\/tr>\n<tr class=\"row-3\">\n\t<td class=\"column-1\">ROSTAND MIRANDA CAVALCANTE<\/td><td class=\"column-2\"><center>10\/2024<\/center><\/td><td class=\"column-3\"><a href=\"https:\/\/www.camaracg.pb.gov.br\/transparencia\/wp-content\/uploads\/2024\/12\/VIAP-ROSTAND-PARAIBA-10-2024.xlsx\" target=\"_blank\" rel=\"noopener\">PLANILHA<\/a><\/td>\n<\/tr>\n<tr class=\"row-4\">\n\t<td class=\"column-1\">ROSTAND MIRANDA CAVALCANTE<\/td><td class=\"column-2\">09\/2024<\/td><td class=\"column-3\"><a href=\"https:\/\/www.camaracg.pb.gov.br\/transparencia\/wp-content\/uploads\/2024\/12\/VIAP-ROSTAND-PARAIBA-09-2024.xlsx\" target=\"_blank\" rel=\"noopener\">PLANILHA<\/a><\/td>\n<\/tr>\n<tr class=\"row-5\">\n\t<td class=\"column-1\">ROSTAND MIRANDA CAVALCANTE<\/td><td class=\"column-2\"><center>08\/2024<\/center><\/td><td class=\"column-3\"><a href=\"https:\/\/www.camaracg.pb.gov.br\/transparencia\/wp-content\/uploads\/2024\/10\/VIAP-ROSTAND-PARAIBA-08-2024.xlsx\" target=\"_blank\" rel=\"noopener\">PLANILHA<\/a><\/td>\n<\/tr>\n<tr class=\"row-6\">\n\t<td class=\"column-1\">ROSTAND MIRANDA CAVALCANTE<\/td><td class=\"column-2\">07\/2024<\/td><td class=\"column-3\"><a href=\"https:\/\/www.camaracg.pb.gov.br\/transparencia\/wp-content\/uploads\/2024\/10\/VIAP-ROSTAND-PARAIBA-07-2024.xlsx\" target=\"_blank\" rel=\"noopener\">PLANILHA<\/a><\/td>\n<\/tr>\n<tr class=\"row-7\">\n\t<td class=\"column-1\">ROSTAND MIRANDA CAVALCANTE<\/td><td class=\"column-2\"><center>06\/2024<\/center><\/td><td class=\"column-3\"><a href=\"https:\/\/www.camaracg.pb.gov.br\/transparencia\/wp-content\/uploads\/2024\/10\/VIAP-ROSTAND-PARAIBA-06-2024.xlsx\" target=\"_blank\" rel=\"noopener\">PLANILHA<\/a><\/td>\n<\/tr>\n<tr class=\"row-8\">\n\t<td class=\"column-1\">ROSTAND MIRANDA CAVALCANTE<\/td><td class=\"column-2\">05\/2024<\/td><td class=\"column-3\"><a href=\"https:\/\/www.camaracg.pb.gov.br\/transparencia\/wp-content\/uploads\/2024\/06\/VIAP-ROSTAND-PARAIBA-05-2024.xlsx\" target=\"_blank\" rel=\"noopener\">PLANILHA<\/a><\/td>\n<\/tr>\n<tr class=\"row-9\">\n\t<td class=\"column-1\">ROSTAND MIRANDA CAVALCANTE<\/td><td class=\"column-2\"><center>04\/2024<\/center><\/td><td class=\"column-3\"><a href=\"https:\/\/www.camaracg.pb.gov.br\/transparencia\/wp-content\/uploads\/2024\/05\/VIAP-ROSTAND-PARAIBA-04-2024.xlsx\" target=\"_blank\" rel=\"noopener\">PLANILHA<\/a><\/td>\n<\/tr>\n<\/tbody>\n<\/table>\n<!-- #tablepress-166 from cache -->\n<p style=\"text-align: center;\">\n<table id=\"tablepress-167\" class=\"tablepress tablepress-id-167\">\n<tbody class=\"row-hover\">\n<tr class=\"row-1\">\n\t<td class=\"column-1\">RENAN TARRADT MARACAJA<\/td><td class=\"column-2\"><center>12\/2024<\/center><\/td><td class=\"column-3\"><a href=\"https:\/\/www.camaracg.pb.gov.br\/transparencia\/wp-content\/uploads\/2025\/01\/VIAP-RENAN-MARACAJA-12-2024.xlsx\" target=\"_blank\" rel=\"noopener\">PLANILHA<\/a><\/td>\n<\/tr>\n<tr class=\"row-2\">\n\t<td class=\"column-1\">RENAN TARRADT MARACAJA<\/td><td class=\"column-2\">11\/2024<\/td><td class=\"column-3\"><a href=\"https:\/\/www.camaracg.pb.gov.br\/transparencia\/wp-content\/uploads\/2025\/01\/VIAP-RENAN-MARACAJA-11-2024.xlsx\" target=\"_blank\" rel=\"noopener\">PLANILHA<\/a><\/td>\n<\/tr>\n<tr class=\"row-3\">\n\t<td class=\"column-1\">RENAN TARRADT MARACAJA<\/td><td class=\"column-2\"><center>10\/2024<\/center><\/td><td class=\"column-3\"><a href=\"https:\/\/www.camaracg.pb.gov.br\/transparencia\/wp-content\/uploads\/2024\/12\/VIAP-RENAN-MARACAJA-10-2024.xlsx\" target=\"_blank\" rel=\"noopener\">PLANILHA<\/a><\/td>\n<\/tr>\n<tr class=\"row-4\">\n\t<td class=\"column-1\">RENAN TARRADT MARACAJA<\/td><td class=\"column-2\">09\/2024<\/td><td class=\"column-3\"><a href=\"https:\/\/www.camaracg.pb.gov.br\/transparencia\/wp-content\/uploads\/2024\/12\/VIAP-RENAN-MARACAJA-09-2024.xlsx\" target=\"_blank\" rel=\"noopener\">PLANILHA<\/a><\/td>\n<\/tr>\n<tr class=\"row-5\">\n\t<td class=\"column-1\">RENAN TARRADT MARACAJA<\/td><td class=\"column-2\"><center>08\/2024<\/center><\/td><td class=\"column-3\"><a href=\"https:\/\/www.camaracg.pb.gov.br\/transparencia\/wp-content\/uploads\/2024\/10\/VIAP-RENAN-MARACAJA-08-2024.xlsx\" target=\"_blank\" rel=\"noopener\">PLANILHA<\/a><\/td>\n<\/tr>\n<tr class=\"row-6\">\n\t<td class=\"column-1\">RENAN TARRADT MARACAJA<\/td><td class=\"column-2\">07\/2024<\/td><td class=\"column-3\"><a href=\"https:\/\/www.camaracg.pb.gov.br\/transparencia\/wp-content\/uploads\/2024\/10\/VIAP-RENAN-MARACAJA-07-2024.xlsx\" target=\"_blank\" rel=\"noopener\">PLANILHA<\/a><\/td>\n<\/tr>\n<tr class=\"row-7\">\n\t<td class=\"column-1\">RENAN TARRADT MARACAJA<\/td><td class=\"column-2\"><center>06\/2024<\/center><\/td><td class=\"column-3\"><a href=\"https:\/\/www.camaracg.pb.gov.br\/transparencia\/wp-content\/uploads\/2024\/10\/VIAP-RENAN-MARACAJA-06-2024.xlsx\" target=\"_blank\" rel=\"noopener\">PLANILHA<\/a><\/td>\n<\/tr>\n<tr class=\"row-8\">\n\t<td class=\"column-1\">RENAN TARRADT MARACAJA<\/td><td class=\"column-2\">05\/2024<\/td><td class=\"column-3\"><a href=\"https:\/\/www.camaracg.pb.gov.br\/transparencia\/wp-content\/uploads\/2024\/06\/VIAP-RENAN-MARACAJA-05-2024.xlsx\" target=\"_blank\" rel=\"noopener\">PLANILHA<\/a><\/td>\n<\/tr>\n<tr class=\"row-9\">\n\t<td class=\"column-1\">RENAN TARRADT MARACAJA<\/td><td class=\"column-2\"><center>04\/2024<\/center><\/td><td class=\"column-3\"><a href=\"https:\/\/www.camaracg.pb.gov.br\/transparencia\/wp-content\/uploads\/2024\/05\/VIAP-RENAN-MARACAJA-04-2024.xlsx\" target=\"_blank\" rel=\"noopener\">PLANILHA<\/a><\/td>\n<\/tr>\n<\/tbody>\n<\/table>\n<!-- #tablepress-167 from cache -->\n<p style=\"text-align: center;\">\n<table id=\"tablepress-168\" class=\"tablepress tablepress-id-168\">\n<tbody class=\"row-hover\">\n<tr class=\"row-1\">\n\t<td class=\"column-1\">SAULO GONCALVES NORONHA<\/td><td class=\"column-2\"><center>12\/2024<\/center><\/td><td class=\"column-3\"><a href=\"https:\/\/www.camaracg.pb.gov.br\/transparencia\/wp-content\/uploads\/2025\/01\/VIAP-SAULO-NORONHA-12-2024.xlsx\" target=\"_blank\" rel=\"noopener\">PLANILHA<\/a><\/td>\n<\/tr>\n<tr class=\"row-2\">\n\t<td class=\"column-1\">SAULO GONCALVES NORONHA<\/td><td class=\"column-2\">11\/2024<\/td><td class=\"column-3\"><a href=\"https:\/\/www.camaracg.pb.gov.br\/transparencia\/wp-content\/uploads\/2025\/01\/VIAP-SAULO-NORONHA-11-2024.xlsx\" target=\"_blank\" rel=\"noopener\">PLANILHA<\/a><\/td>\n<\/tr>\n<tr class=\"row-3\">\n\t<td class=\"column-1\">SAULO GONCALVES NORONHA<\/td><td class=\"column-2\"><center>10\/2024<\/center><\/td><td class=\"column-3\"><a href=\"https:\/\/www.camaracg.pb.gov.br\/transparencia\/wp-content\/uploads\/2024\/12\/VIAP-SAULO-NORONHA-10-2024.xlsx\" target=\"_blank\" rel=\"noopener\">PLANILHA<\/a><\/td>\n<\/tr>\n<tr class=\"row-4\">\n\t<td class=\"column-1\">SAULO GONCALVES NORONHA<\/td><td class=\"column-2\">09\/2024<\/td><td class=\"column-3\"><a href=\"https:\/\/www.camaracg.pb.gov.br\/transparencia\/wp-content\/uploads\/2024\/12\/VIAP-SAULO-NORONHA-09-2024.xlsx\" target=\"_blank\" rel=\"noopener\">PLANILHA<\/a><\/td>\n<\/tr>\n<tr class=\"row-5\">\n\t<td class=\"column-1\">SAULO GONCALVES NORONHA<\/td><td class=\"column-2\"><center>08\/2024<\/center><\/td><td class=\"column-3\"><a href=\"https:\/\/www.camaracg.pb.gov.br\/transparencia\/wp-content\/uploads\/2024\/10\/VIAP-SAULO-NORONHA-08-2024.xlsx\" target=\"_blank\" rel=\"noopener\">PLANILHA<\/a><\/td>\n<\/tr>\n<tr class=\"row-6\">\n\t<td class=\"column-1\">SAULO GONCALVES NORONHA<\/td><td class=\"column-2\">07\/2024<\/td><td class=\"column-3\"><a href=\"https:\/\/www.camaracg.pb.gov.br\/transparencia\/wp-content\/uploads\/2024\/10\/VIAP-SAULO-NORONHA-07-2024.xlsx\" target=\"_blank\" rel=\"noopener\">PLANILHA<\/a><\/td>\n<\/tr>\n<tr class=\"row-7\">\n\t<td class=\"column-1\">SAULO GONCALVES NORONHA<\/td><td class=\"column-2\"><center>06\/2024<\/center><\/td><td class=\"column-3\"><a href=\"https:\/\/www.camaracg.pb.gov.br\/transparencia\/wp-content\/uploads\/2024\/10\/VIAP-SAULO-NORONHA-06-2024.xlsx\" target=\"_blank\" rel=\"noopener\">PLANILHA<\/a><\/td>\n<\/tr>\n<tr class=\"row-8\">\n\t<td class=\"column-1\">SAULO GONCALVES NORONHA<\/td><td class=\"column-2\">05\/2024<\/td><td class=\"column-3\"><a href=\"https:\/\/www.camaracg.pb.gov.br\/transparencia\/wp-content\/uploads\/2024\/06\/VIAP-SAULO-NORONHA-05-2024.xlsx\" target=\"_blank\" rel=\"noopener\">PLANILHA<\/a><\/td>\n<\/tr>\n<tr class=\"row-9\">\n\t<td class=\"column-1\">SAULO GONCALVES NORONHA<\/td><td class=\"column-2\"><center>04\/2024<\/center><\/td><td class=\"column-3\"><a href=\"https:\/\/www.camaracg.pb.gov.br\/transparencia\/wp-content\/uploads\/2024\/05\/VIAP-SAULO-NORONHA-04-2024.xlsx\" target=\"_blank\" rel=\"noopener\">PLANILHA<\/a><\/td>\n<\/tr>\n<\/tbody>\n<\/table>\n<!-- #tablepress-168 from cache -->\n<p style=\"text-align: center;\">\n<table id=\"tablepress-169\" class=\"tablepress tablepress-id-169\">\n<tbody class=\"row-hover\">\n<tr class=\"row-1\">\n\t<td class=\"column-1\">SAULO MESSIAS GARCIA RIBEIRO<\/td><td class=\"column-2\"><center>12\/2024<\/center><\/td><td class=\"column-3\"><a href=\"https:\/\/www.camaracg.pb.gov.br\/transparencia\/wp-content\/uploads\/2025\/01\/VIAP-SAULO-GERMANO-12-2024.xlsx\" target=\"_blank\" rel=\"noopener\">PLANILHA<\/a><\/td>\n<\/tr>\n<tr class=\"row-2\">\n\t<td class=\"column-1\">SAULO MESSIAS GARCIA RIBEIRO<\/td><td class=\"column-2\">11\/2024<\/td><td class=\"column-3\"><a href=\"https:\/\/www.camaracg.pb.gov.br\/transparencia\/wp-content\/uploads\/2025\/01\/VIAP-SAULO-GERMANO-11-2024.xlsx\" target=\"_blank\" rel=\"noopener\">PLANILHA<\/a><\/td>\n<\/tr>\n<tr class=\"row-3\">\n\t<td class=\"column-1\">SAULO MESSIAS GARCIA RIBEIRO<\/td><td class=\"column-2\"><center>10\/2024<\/center><\/td><td class=\"column-3\"><a href=\"https:\/\/www.camaracg.pb.gov.br\/transparencia\/wp-content\/uploads\/2024\/12\/VIAP-SAULO-GERMANO-10-2024.xlsx\" target=\"_blank\" rel=\"noopener\">PLANILHA<\/a><\/td>\n<\/tr>\n<tr class=\"row-4\">\n\t<td class=\"column-1\">SAULO MESSIAS GARCIA RIBEIRO<\/td><td class=\"column-2\">09\/2024<\/td><td class=\"column-3\"><a href=\"https:\/\/www.camaracg.pb.gov.br\/transparencia\/wp-content\/uploads\/2024\/12\/VIAP-SAULO-GERMANO-09-2024.xlsx\" target=\"_blank\" rel=\"noopener\">PLANILHA<\/a><\/td>\n<\/tr>\n<tr class=\"row-5\">\n\t<td class=\"column-1\">SAULO MESSIAS GARCIA RIBEIRO<\/td><td class=\"column-2\"><center>08\/2024<\/center><\/td><td class=\"column-3\"><a href=\"https:\/\/www.camaracg.pb.gov.br\/transparencia\/wp-content\/uploads\/2024\/10\/VIAP-SAULO-GERMANO-08-2024.xlsx\" target=\"_blank\" rel=\"noopener\">PLANILHA<\/a><\/td>\n<\/tr>\n<tr class=\"row-6\">\n\t<td class=\"column-1\">SAULO MESSIAS GARCIA RIBEIRO<\/td><td class=\"column-2\">07\/2024<\/td><td class=\"column-3\"><a href=\"https:\/\/www.camaracg.pb.gov.br\/transparencia\/wp-content\/uploads\/2024\/10\/VIAP-SAULO-GERMANO-07-2024.xlsx\" target=\"_blank\" rel=\"noopener\">PLANILHA<\/a><\/td>\n<\/tr>\n<tr class=\"row-7\">\n\t<td class=\"column-1\">SAULO MESSIAS GARCIA RIBEIRO<\/td><td class=\"column-2\"><center>06\/2024<\/center><\/td><td class=\"column-3\"><a href=\"https:\/\/www.camaracg.pb.gov.br\/transparencia\/wp-content\/uploads\/2024\/10\/VIAP-SAULO-GERMANO-06-2024.xlsx\" target=\"_blank\" rel=\"noopener\">PLANILHA<\/a><\/td>\n<\/tr>\n<tr class=\"row-8\">\n\t<td class=\"column-1\">SAULO MESSIAS GARCIA RIBEIRO<\/td><td class=\"column-2\">05\/2024<\/td><td class=\"column-3\"><a href=\"https:\/\/www.camaracg.pb.gov.br\/transparencia\/wp-content\/uploads\/2024\/06\/VIAP-SAULO-GERMANO-05-2024.xlsx\" target=\"_blank\" rel=\"noopener\">PLANILHA<\/a><\/td>\n<\/tr>\n<tr class=\"row-9\">\n\t<td class=\"column-1\">SAULO MESSIAS GARCIA RIBEIRO<\/td><td class=\"column-2\"><center>04\/2024<\/center><\/td><td class=\"column-3\"><a href=\"https:\/\/www.camaracg.pb.gov.br\/transparencia\/wp-content\/uploads\/2024\/05\/VIAP-SAULO-GERMANO-04-2024.xlsx\" target=\"_blank\" rel=\"noopener\">PLANILHA<\/a><\/td>\n<\/tr>\n<\/tbody>\n<\/table>\n<!-- #tablepress-169 from cache -->\n<p style=\"text-align: center;\">\n<table id=\"tablepress-170\" class=\"tablepress tablepress-id-170\">\n<tbody class=\"row-hover\">\n<tr class=\"row-1\">\n\t<td class=\"column-1\">VALERIA SILVA ARAGAO<\/td><td class=\"column-2\"><center>12\/2024<\/center><\/td><td class=\"column-3\"><a href=\"https:\/\/www.camaracg.pb.gov.br\/transparencia\/wp-content\/uploads\/2025\/01\/VIAP-VALERIA-ARAGAO-12-2024.xlsx\" target=\"_blank\" rel=\"noopener\">PLANILHA <\/a><\/td>\n<\/tr>\n<tr class=\"row-2\">\n\t<td class=\"column-1\">VALERIA SILVA ARAGAO<\/td><td class=\"column-2\">11\/2024<\/td><td class=\"column-3\"><a href=\"https:\/\/www.camaracg.pb.gov.br\/transparencia\/wp-content\/uploads\/2025\/01\/VIAP-VALERIA-ARAGAO-11-2024.xlsx\" target=\"_blank\" rel=\"noopener\">PLANILHA <\/a><\/td>\n<\/tr>\n<tr class=\"row-3\">\n\t<td class=\"column-1\">VALERIA SILVA ARAGAO<\/td><td class=\"column-2\"><center>10\/2024<\/center><\/td><td class=\"column-3\"><a href=\"https:\/\/www.camaracg.pb.gov.br\/transparencia\/wp-content\/uploads\/2024\/12\/VIAP-VALERIA-ARAGAO-10-2024.xlsx\" target=\"_blank\" rel=\"noopener\">PLANILHA <\/a><\/td>\n<\/tr>\n<tr class=\"row-4\">\n\t<td class=\"column-1\">VALERIA SILVA ARAGAO<\/td><td class=\"column-2\">09\/2024<\/td><td class=\"column-3\"><a href=\"https:\/\/www.camaracg.pb.gov.br\/transparencia\/wp-content\/uploads\/2024\/12\/VIAP-VALERIA-ARAGAO-09-2024.xlsx\" target=\"_blank\" rel=\"noopener\">PLANILHA <\/a><\/td>\n<\/tr>\n<tr class=\"row-5\">\n\t<td class=\"column-1\">VALERIA SILVA ARAGAO<\/td><td class=\"column-2\"><center>08\/2024<\/center><\/td><td class=\"column-3\"><a href=\"https:\/\/www.camaracg.pb.gov.br\/transparencia\/wp-content\/uploads\/2024\/10\/VIAP-VALERIA-ARAGAO-08-2024.xlsx\" target=\"_blank\" rel=\"noopener\">PLANILHA <\/a><\/td>\n<\/tr>\n<tr class=\"row-6\">\n\t<td class=\"column-1\">VALERIA SILVA ARAGAO<\/td><td class=\"column-2\">07\/2024<\/td><td class=\"column-3\"><a href=\"https:\/\/www.camaracg.pb.gov.br\/transparencia\/wp-content\/uploads\/2024\/10\/VIAP-VALERIA-ARAGAO-07-2024.xlsx\" target=\"_blank\" rel=\"noopener\">PLANILHA <\/a><\/td>\n<\/tr>\n<tr class=\"row-7\">\n\t<td class=\"column-1\">VALERIA SILVA ARAGAO<\/td><td class=\"column-2\"><center>06\/2024<\/center><\/td><td class=\"column-3\"><a href=\"https:\/\/www.camaracg.pb.gov.br\/transparencia\/wp-content\/uploads\/2024\/10\/VIAP-VALERIA-ARAGAO-06-2024.xlsx\" target=\"_blank\" rel=\"noopener\">PLANILHA <\/a><\/td>\n<\/tr>\n<tr class=\"row-8\">\n\t<td class=\"column-1\">VALERIA SILVA ARAGAO<\/td><td class=\"column-2\">05\/2024<\/td><td class=\"column-3\"><a href=\"https:\/\/www.camaracg.pb.gov.br\/transparencia\/wp-content\/uploads\/2024\/06\/VIAP-VALERIA-ARAGAO-05-2024.xlsx\" target=\"_blank\" rel=\"noopener\">PLANILHA <\/a><\/td>\n<\/tr>\n<tr class=\"row-9\">\n\t<td class=\"column-1\">VALERIA SILVA ARAGAO<\/td><td class=\"column-2\"><center>04\/2024<\/center><\/td><td class=\"column-3\"><a href=\"https:\/\/www.camaracg.pb.gov.br\/transparencia\/wp-content\/uploads\/2024\/05\/VIAP-VALERIA-ARAGAO-04-2024.xlsx\" target=\"_blank\" rel=\"noopener\">PLANILHA <\/a><\/td>\n<\/tr>\n<\/tbody>\n<\/table>\n<!-- #tablepress-170 from cache -->\n<pre>A C\u00e2mara Municipal de Campina Grande tamb\u00e9m est\u00e1 no Portal da Transpar\u00eancia do Tribunal de Contas do Estado da Para\u00edba (TCE-PB), que disponibiliza, em tempo real, informa\u00e7\u00f5es pormenorizadas sobre a execu\u00e7\u00e3o Or\u00e7ament\u00e1ria e Financeira.<\/pre>\n","protected":false},"excerpt":{"rendered":"<p>A Verba Indenizat\u00f3ria de Apoio Parlamentar (VIAP) est\u00e1 regulamentada nas Resolu\u00e7\u00f5es: N\u00ba 017\/2024 e N\u00ba 110\/2024. A C\u00e2mara Municipal de Campina Grande tamb\u00e9m est\u00e1 no Portal da Transpar\u00eancia do Tribunal de Contas do Estado da Para\u00edba (TCE-PB), que disponibiliza, em &hellip; <a class=\"kt-excerpt-readmore\" href=\"https:\/\/www.camaracg.pb.gov.br\/transparencia\/viap-2024\/\" aria-label=\"VIAP 2024\">leia mais<\/a><\/p>\n","protected":false},"author":5,"featured_media":0,"parent":0,"menu_order":0,"comment_status":"closed","ping_status":"closed","template":"","meta":{"footnotes":""},"class_list":["post-3668","page","type-page","status-publish","hentry"],"aioseo_notices":[],"aioseo_head":"\n\t\t<!-- All in One SEO 4.9.10 - aioseo.com -->\n\t<meta name=\"description\" content=\"A Verba Indenizat\u00f3ria de Apoio Parlamentar (VIAP) est\u00e1 regulamentada nas Resolu\u00e7\u00f5es: N\u00ba 017\/2024 e N\u00ba 110\/2024. A C\u00e2mara Municipal de Campina Grande tamb\u00e9m est\u00e1 no Portal da Transpar\u00eancia do Tribunal de Contas do Estado da Para\u00edba (TCE-PB), que disponibiliza, em tempo real, informa\u00e7\u00f5es pormenorizadas sobre a execu\u00e7\u00e3o Or\u00e7ament\u00e1ria e Financeira.\" \/>\n\t<meta name=\"robots\" content=\"max-image-preview:large\" \/>\n\t<link rel=\"canonical\" href=\"https:\/\/www.camaracg.pb.gov.br\/transparencia\/viap-2024\/\" \/>\n\t<meta name=\"generator\" content=\"All in One SEO (AIOSEO) 4.9.10\" \/>\n\t\t<meta property=\"og:locale\" content=\"pt_BR\" \/>\n\t\t<meta property=\"og:site_name\" content=\"Portal da Transpar\u00eancia \u2022 C\u00e2mara Municipal de Campina Grande\" \/>\n\t\t<meta property=\"og:type\" content=\"article\" \/>\n\t\t<meta property=\"og:title\" content=\"VIAP 2024 | Portal da Transpar\u00eancia \u2022 C\u00e2mara Municipal de Campina Grande\" \/>\n\t\t<meta property=\"og:description\" content=\"A Verba Indenizat\u00f3ria de Apoio Parlamentar (VIAP) est\u00e1 regulamentada nas Resolu\u00e7\u00f5es: N\u00ba 017\/2024 e N\u00ba 110\/2024. A C\u00e2mara Municipal de Campina Grande tamb\u00e9m est\u00e1 no Portal da Transpar\u00eancia do Tribunal de Contas do Estado da Para\u00edba (TCE-PB), que disponibiliza, em tempo real, informa\u00e7\u00f5es pormenorizadas sobre a execu\u00e7\u00e3o Or\u00e7ament\u00e1ria e Financeira.\" \/>\n\t\t<meta property=\"og:url\" content=\"https:\/\/www.camaracg.pb.gov.br\/transparencia\/viap-2024\/\" \/>\n\t\t<meta property=\"article:published_time\" content=\"2024-05-18T00:35:48+00:00\" \/>\n\t\t<meta property=\"article:modified_time\" content=\"2025-01-25T00:45:33+00:00\" \/>\n\t\t<meta name=\"twitter:card\" content=\"summary\" \/>\n\t\t<meta name=\"twitter:title\" content=\"VIAP 2024 | Portal da Transpar\u00eancia \u2022 C\u00e2mara Municipal de Campina Grande\" \/>\n\t\t<meta name=\"twitter:description\" content=\"A Verba Indenizat\u00f3ria de Apoio Parlamentar (VIAP) est\u00e1 regulamentada nas Resolu\u00e7\u00f5es: N\u00ba 017\/2024 e N\u00ba 110\/2024. A C\u00e2mara Municipal de Campina Grande tamb\u00e9m est\u00e1 no Portal da Transpar\u00eancia do Tribunal de Contas do Estado da Para\u00edba (TCE-PB), que disponibiliza, em tempo real, informa\u00e7\u00f5es pormenorizadas sobre a execu\u00e7\u00e3o Or\u00e7ament\u00e1ria e Financeira.\" \/>\n\t\t<script type=\"application\/ld+json\" class=\"aioseo-schema\">\n\t\t\t{\"@context\":\"https:\\\/\\\/schema.org\",\"@graph\":[{\"@type\":\"BreadcrumbList\",\"@id\":\"https:\\\/\\\/www.camaracg.pb.gov.br\\\/transparencia\\\/viap-2024\\\/#breadcrumblist\",\"itemListElement\":[{\"@type\":\"ListItem\",\"@id\":\"https:\\\/\\\/www.camaracg.pb.gov.br\\\/transparencia#listItem\",\"position\":1,\"name\":\"In\\u00edcio\",\"item\":\"https:\\\/\\\/www.camaracg.pb.gov.br\\\/transparencia\",\"nextItem\":{\"@type\":\"ListItem\",\"@id\":\"https:\\\/\\\/www.camaracg.pb.gov.br\\\/transparencia\\\/viap-2024\\\/#listItem\",\"name\":\"VIAP 2024\"}},{\"@type\":\"ListItem\",\"@id\":\"https:\\\/\\\/www.camaracg.pb.gov.br\\\/transparencia\\\/viap-2024\\\/#listItem\",\"position\":2,\"name\":\"VIAP 2024\",\"previousItem\":{\"@type\":\"ListItem\",\"@id\":\"https:\\\/\\\/www.camaracg.pb.gov.br\\\/transparencia#listItem\",\"name\":\"In\\u00edcio\"}}]},{\"@type\":\"Organization\",\"@id\":\"https:\\\/\\\/www.camaracg.pb.gov.br\\\/transparencia\\\/#organization\",\"name\":\"Portal da Transpar\\u00eancia \\u2022 C\\u00e2mara Municipal de Campina Grande\",\"description\":\"Bem-vindo ao Portal da Transpar\\u00eancia da C\\u00e2mara Municipal de Campina Grande\",\"url\":\"https:\\\/\\\/www.camaracg.pb.gov.br\\\/transparencia\\\/\",\"logo\":{\"@type\":\"ImageObject\",\"url\":\"https:\\\/\\\/www.camaracg.pb.gov.br\\\/transparencia\\\/wp-content\\\/uploads\\\/2021\\\/01\\\/img-camaracg-1.png\",\"@id\":\"https:\\\/\\\/www.camaracg.pb.gov.br\\\/transparencia\\\/viap-2024\\\/#organizationLogo\",\"width\":512,\"height\":512},\"image\":{\"@id\":\"https:\\\/\\\/www.camaracg.pb.gov.br\\\/transparencia\\\/viap-2024\\\/#organizationLogo\"}},{\"@type\":\"WebPage\",\"@id\":\"https:\\\/\\\/www.camaracg.pb.gov.br\\\/transparencia\\\/viap-2024\\\/#webpage\",\"url\":\"https:\\\/\\\/www.camaracg.pb.gov.br\\\/transparencia\\\/viap-2024\\\/\",\"name\":\"VIAP 2024 | Portal da Transpar\\u00eancia \\u2022 C\\u00e2mara Municipal de Campina Grande\",\"description\":\"A Verba Indenizat\\u00f3ria de Apoio Parlamentar (VIAP) est\\u00e1 regulamentada nas Resolu\\u00e7\\u00f5es: N\\u00ba 017\\\/2024 e N\\u00ba 110\\\/2024. A C\\u00e2mara Municipal de Campina Grande tamb\\u00e9m est\\u00e1 no Portal da Transpar\\u00eancia do Tribunal de Contas do Estado da Para\\u00edba (TCE-PB), que disponibiliza, em tempo real, informa\\u00e7\\u00f5es pormenorizadas sobre a execu\\u00e7\\u00e3o Or\\u00e7ament\\u00e1ria e Financeira.\",\"inLanguage\":\"pt-BR\",\"isPartOf\":{\"@id\":\"https:\\\/\\\/www.camaracg.pb.gov.br\\\/transparencia\\\/#website\"},\"breadcrumb\":{\"@id\":\"https:\\\/\\\/www.camaracg.pb.gov.br\\\/transparencia\\\/viap-2024\\\/#breadcrumblist\"},\"datePublished\":\"2024-05-17T21:35:48-03:00\",\"dateModified\":\"2025-01-24T21:45:33-03:00\"},{\"@type\":\"WebSite\",\"@id\":\"https:\\\/\\\/www.camaracg.pb.gov.br\\\/transparencia\\\/#website\",\"url\":\"https:\\\/\\\/www.camaracg.pb.gov.br\\\/transparencia\\\/\",\"name\":\"Portal da Transpar\\u00eancia \\u2022 C\\u00e2mara Municipal de Campina Grande\",\"description\":\"Bem-vindo ao Portal da Transpar\\u00eancia da C\\u00e2mara Municipal de Campina Grande\",\"inLanguage\":\"pt-BR\",\"publisher\":{\"@id\":\"https:\\\/\\\/www.camaracg.pb.gov.br\\\/transparencia\\\/#organization\"}}]}\n\t\t<\/script>\n\t\t<!-- All in One SEO -->\n\n","aioseo_head_json":{"title":"VIAP 2024 | Portal da Transpar\u00eancia \u2022 C\u00e2mara Municipal de Campina Grande","description":"A Verba Indenizat\u00f3ria de Apoio Parlamentar (VIAP) est\u00e1 regulamentada nas Resolu\u00e7\u00f5es: N\u00ba 017\/2024 e N\u00ba 110\/2024. A C\u00e2mara Municipal de Campina Grande tamb\u00e9m est\u00e1 no Portal da Transpar\u00eancia do Tribunal de Contas do Estado da Para\u00edba (TCE-PB), que disponibiliza, em tempo real, informa\u00e7\u00f5es pormenorizadas sobre a execu\u00e7\u00e3o Or\u00e7ament\u00e1ria e Financeira.","canonical_url":"https:\/\/www.camaracg.pb.gov.br\/transparencia\/viap-2024\/","robots":"max-image-preview:large","keywords":"","webmasterTools":{"miscellaneous":""},"schema":{"@context":"https:\/\/schema.org","@graph":[{"@type":"BreadcrumbList","@id":"https:\/\/www.camaracg.pb.gov.br\/transparencia\/viap-2024\/#breadcrumblist","itemListElement":[{"@type":"ListItem","@id":"https:\/\/www.camaracg.pb.gov.br\/transparencia#listItem","position":1,"name":"In\u00edcio","item":"https:\/\/www.camaracg.pb.gov.br\/transparencia","nextItem":{"@type":"ListItem","@id":"https:\/\/www.camaracg.pb.gov.br\/transparencia\/viap-2024\/#listItem","name":"VIAP 2024"}},{"@type":"ListItem","@id":"https:\/\/www.camaracg.pb.gov.br\/transparencia\/viap-2024\/#listItem","position":2,"name":"VIAP 2024","previousItem":{"@type":"ListItem","@id":"https:\/\/www.camaracg.pb.gov.br\/transparencia#listItem","name":"In\u00edcio"}}]},{"@type":"Organization","@id":"https:\/\/www.camaracg.pb.gov.br\/transparencia\/#organization","name":"Portal da Transpar\u00eancia \u2022 C\u00e2mara Municipal de Campina Grande","description":"Bem-vindo ao Portal da Transpar\u00eancia da C\u00e2mara Municipal de Campina Grande","url":"https:\/\/www.camaracg.pb.gov.br\/transparencia\/","logo":{"@type":"ImageObject","url":"https:\/\/www.camaracg.pb.gov.br\/transparencia\/wp-content\/uploads\/2021\/01\/img-camaracg-1.png","@id":"https:\/\/www.camaracg.pb.gov.br\/transparencia\/viap-2024\/#organizationLogo","width":512,"height":512},"image":{"@id":"https:\/\/www.camaracg.pb.gov.br\/transparencia\/viap-2024\/#organizationLogo"}},{"@type":"WebPage","@id":"https:\/\/www.camaracg.pb.gov.br\/transparencia\/viap-2024\/#webpage","url":"https:\/\/www.camaracg.pb.gov.br\/transparencia\/viap-2024\/","name":"VIAP 2024 | Portal da Transpar\u00eancia \u2022 C\u00e2mara Municipal de Campina Grande","description":"A Verba Indenizat\u00f3ria de Apoio Parlamentar (VIAP) est\u00e1 regulamentada nas Resolu\u00e7\u00f5es: N\u00ba 017\/2024 e N\u00ba 110\/2024. A C\u00e2mara Municipal de Campina Grande tamb\u00e9m est\u00e1 no Portal da Transpar\u00eancia do Tribunal de Contas do Estado da Para\u00edba (TCE-PB), que disponibiliza, em tempo real, informa\u00e7\u00f5es pormenorizadas sobre a execu\u00e7\u00e3o Or\u00e7ament\u00e1ria e Financeira.","inLanguage":"pt-BR","isPartOf":{"@id":"https:\/\/www.camaracg.pb.gov.br\/transparencia\/#website"},"breadcrumb":{"@id":"https:\/\/www.camaracg.pb.gov.br\/transparencia\/viap-2024\/#breadcrumblist"},"datePublished":"2024-05-17T21:35:48-03:00","dateModified":"2025-01-24T21:45:33-03:00"},{"@type":"WebSite","@id":"https:\/\/www.camaracg.pb.gov.br\/transparencia\/#website","url":"https:\/\/www.camaracg.pb.gov.br\/transparencia\/","name":"Portal da Transpar\u00eancia \u2022 C\u00e2mara Municipal de Campina Grande","description":"Bem-vindo ao Portal da Transpar\u00eancia da C\u00e2mara Municipal de Campina Grande","inLanguage":"pt-BR","publisher":{"@id":"https:\/\/www.camaracg.pb.gov.br\/transparencia\/#organization"}}]},"og:locale":"pt_BR","og:site_name":"Portal da Transpar\u00eancia \u2022 C\u00e2mara Municipal de Campina Grande","og:type":"article","og:title":"VIAP 2024 | Portal da Transpar\u00eancia \u2022 C\u00e2mara Municipal de Campina Grande","og:description":"A Verba Indenizat\u00f3ria de Apoio Parlamentar (VIAP) est\u00e1 regulamentada nas Resolu\u00e7\u00f5es: N\u00ba 017\/2024 e N\u00ba 110\/2024. A C\u00e2mara Municipal de Campina Grande tamb\u00e9m est\u00e1 no Portal da Transpar\u00eancia do Tribunal de Contas do Estado da Para\u00edba (TCE-PB), que disponibiliza, em tempo real, informa\u00e7\u00f5es pormenorizadas sobre a execu\u00e7\u00e3o Or\u00e7ament\u00e1ria e Financeira.","og:url":"https:\/\/www.camaracg.pb.gov.br\/transparencia\/viap-2024\/","article:published_time":"2024-05-18T00:35:48+00:00","article:modified_time":"2025-01-25T00:45:33+00:00","twitter:card":"summary","twitter:title":"VIAP 2024 | Portal da Transpar\u00eancia \u2022 C\u00e2mara Municipal de Campina Grande","twitter:description":"A Verba Indenizat\u00f3ria de Apoio Parlamentar (VIAP) est\u00e1 regulamentada nas Resolu\u00e7\u00f5es: N\u00ba 017\/2024 e N\u00ba 110\/2024. A C\u00e2mara Municipal de Campina Grande tamb\u00e9m est\u00e1 no Portal da Transpar\u00eancia do Tribunal de Contas do Estado da Para\u00edba (TCE-PB), que disponibiliza, em tempo real, informa\u00e7\u00f5es pormenorizadas sobre a execu\u00e7\u00e3o Or\u00e7ament\u00e1ria e Financeira."},"aioseo_meta_data":{"post_id":"3668","title":null,"description":null,"keywords":null,"keyphrases":{"focus":{"keyphrase":"","score":0,"analysis":{"keyphraseInTitle":{"score":0,"maxScore":9,"error":1}}},"additional":[]},"primary_term":null,"canonical_url":null,"og_title":null,"og_description":null,"og_object_type":"default","og_image_type":"default","og_image_url":null,"og_image_width":null,"og_image_height":null,"og_image_custom_url":null,"og_image_custom_fields":null,"og_video":"","og_custom_url":null,"og_article_section":null,"og_article_tags":null,"twitter_use_og":false,"twitter_card":"default","twitter_image_type":"default","twitter_image_url":null,"twitter_image_custom_url":null,"twitter_image_custom_fields":null,"twitter_title":null,"twitter_description":null,"schema":{"blockGraphs":[],"customGraphs":[],"default":{"data":{"Article":[],"Course":[],"Dataset":[],"FAQPage":[],"Movie":[],"Person":[],"Product":[],"ProductReview":[],"Car":[],"Recipe":[],"Service":[],"SoftwareApplication":[],"WebPage":[]},"graphName":"WebPage","isEnabled":true},"graphs":[]},"schema_type":"default","schema_type_options":null,"pillar_content":false,"robots_default":true,"robots_noindex":false,"robots_noarchive":false,"robots_nosnippet":false,"robots_nofollow":false,"robots_noimageindex":false,"robots_noodp":false,"robots_notranslate":false,"robots_max_snippet":"-1","robots_max_videopreview":"-1","robots_max_imagepreview":"large","priority":null,"frequency":"default","local_seo":null,"breadcrumb_settings":null,"limit_modified_date":false,"ai":null,"created":"2025-01-25 00:35:48","updated":"2025-07-14 10:45:26","seo_analyzer_scan_date":null},"_links":{"self":[{"href":"https:\/\/www.camaracg.pb.gov.br\/transparencia\/wp-json\/wp\/v2\/pages\/3668","targetHints":{"allow":["GET"]}}],"collection":[{"href":"https:\/\/www.camaracg.pb.gov.br\/transparencia\/wp-json\/wp\/v2\/pages"}],"about":[{"href":"https:\/\/www.camaracg.pb.gov.br\/transparencia\/wp-json\/wp\/v2\/types\/page"}],"author":[{"embeddable":true,"href":"https:\/\/www.camaracg.pb.gov.br\/transparencia\/wp-json\/wp\/v2\/users\/5"}],"replies":[{"embeddable":true,"href":"https:\/\/www.camaracg.pb.gov.br\/transparencia\/wp-json\/wp\/v2\/comments?post=3668"}],"version-history":[{"count":1,"href":"https:\/\/www.camaracg.pb.gov.br\/transparencia\/wp-json\/wp\/v2\/pages\/3668\/revisions"}],"predecessor-version":[{"id":3669,"href":"https:\/\/www.camaracg.pb.gov.br\/transparencia\/wp-json\/wp\/v2\/pages\/3668\/revisions\/3669"}],"wp:attachment":[{"href":"https:\/\/www.camaracg.pb.gov.br\/transparencia\/wp-json\/wp\/v2\/media?parent=3668"}],"curies":[{"name":"wp","href":"https:\/\/api.w.org\/{rel}","templated":true}]}}